{"id":1106,"date":"2025-12-22T13:25:19","date_gmt":"2025-12-22T16:25:19","guid":{"rendered":"https:\/\/litoral.ufpr.br\/servicosocial\/?page_id=1106"},"modified":"2025-12-22T15:57:10","modified_gmt":"2025-12-22T18:57:10","slug":"corpo-docente","status":"publish","type":"page","link":"https:\/\/litoral.ufpr.br\/servicosocial\/corpo-docente\/","title":{"rendered":"Corpo docente"},"content":{"rendered":"\n<p>Docentes efetivos do curso de Bacharelado em Servi\u00e7o Social da UFPR \u2013 Setor Litoral (<a href=\"https:\/\/litoral.ufpr.br\/servicosocial\/wp-content\/uploads\/sites\/17\/2025\/12\/Portaria-n-2018-2025-Setor-Litoral-de-23-de-outubro-de-2025-SEI-23075_042592_2019-87.pdf\" target=\"_blank\" rel=\"noreferrer noopener\">Portaria n\u00ba 2018\/2025 Setor Litoral, de 23 de outubro de 2025<\/a>)<\/p>\n\n\n\n<figure class=\"wp-block-table is-style-regular\"><table class=\"has-fixed-layout\"><thead><tr><th class=\"has-text-align-center\" data-align=\"center\"><strong>Docente<\/strong><\/th><th class=\"has-text-align-center\" data-align=\"center\"><strong>In\u00edcio do v\u00ednculo<\/strong><\/th><th class=\"has-text-align-center\" data-align=\"center\"><strong>Contato<\/strong><\/th><\/tr><\/thead><tbody><tr><td class=\"has-text-align-center\" data-align=\"center\">Profa. Dra. <a href=\"http:\/\/lattes.cnpq.br\/4873567703334932\" target=\"_blank\" rel=\"noreferrer noopener\">Adriana Lucinda de Oliveira<\/a><\/td><td class=\"has-text-align-center\" data-align=\"center\">2010<\/td><td class=\"has-text-align-center\" data-align=\"center\">adrilucinda@gmail.com<\/td><\/tr><tr><td class=\"has-text-align-center\" data-align=\"center\">Prof. Ma. <a href=\"http:\/\/lattes.cnpq.br\/2655542763796311\" target=\"_blank\" rel=\"noreferrer noopener\">Ana Lu\u00edza Tavares Bruinj\u00e9<\/a><\/td><td class=\"has-text-align-center\" data-align=\"center\">2025<\/td><td class=\"has-text-align-center\" data-align=\"center\">anabruinje@ufpr.br<\/td><\/tr><tr><td class=\"has-text-align-center\" data-align=\"center\">Profa. Dra. <br><a href=\"http:\/\/buscatextual.cnpq.br\/buscatextual\/visualizacv.do?id=K4290340A3\" target=\"_blank\" rel=\"noreferrer noopener\">Ane B\u00e1rbara Voidelo<\/a><\/td><td class=\"has-text-align-center\" data-align=\"center\">2018<\/td><td class=\"has-text-align-center\" data-align=\"center\">anebarbarav@hotmail.com<\/td><\/tr><tr><td class=\"has-text-align-center\" data-align=\"center\">Prof. Dr. <a href=\"http:\/\/lattes.cnpq.br\/9859142890972904\" target=\"_blank\" rel=\"noreferrer noopener\">Antonio Sandro Schuartz<\/a><\/td><td class=\"has-text-align-center\" data-align=\"center\">2006<\/td><td class=\"has-text-align-center\" data-align=\"center\">antoniosersocial@gmail.com<\/td><\/tr><tr><td class=\"has-text-align-center\" data-align=\"center\">Profa. Dra. <a href=\"http:\/\/lattes.cnpq.br\/7911775178099373\" target=\"_blank\" rel=\"noreferrer noopener\">Giselle \u00c1vila Leal de Meirelles<\/a><\/td><td class=\"has-text-align-center\" data-align=\"center\">2006<\/td><td class=\"has-text-align-center\" data-align=\"center\">meirelles.gi@gmail.com<\/td><\/tr><tr><td class=\"has-text-align-center\" data-align=\"center\">Prof. Dr. <a href=\"http:\/\/lattes.cnpq.br\/9550391434101276\" target=\"_blank\" rel=\"noreferrer noopener\">Jayson Azevedo Marsella de Almeida Pedrosa Vaz Guimar\u00e3es<\/a><\/td><td class=\"has-text-align-center\" data-align=\"center\">2014<\/td><td class=\"has-text-align-center\" data-align=\"center\">guimaraes.jamapv.ufpr@gmail.com<\/td><\/tr><tr><td class=\"has-text-align-center\" data-align=\"center\">Profa. Dra. <a href=\"http:\/\/lattes.cnpq.br\/8751961411739626\" target=\"_blank\" rel=\"noreferrer noopener\">Karla Ingrid Pinto Cuellar<\/a><\/td><td class=\"has-text-align-center\" data-align=\"center\">2015<\/td><td class=\"has-text-align-center\" data-align=\"center\">karlacuellaradv@hotmail.com<\/td><\/tr><tr><td class=\"has-text-align-center\" data-align=\"center\">Prof. Dr. <a href=\"http:\/\/lattes.cnpq.br\/4740853063552868\" target=\"_blank\" rel=\"noreferrer noopener\">Robson de Oliveira<\/a><\/td><td class=\"has-text-align-center\" data-align=\"center\">2019<\/td><td class=\"has-text-align-center\" data-align=\"center\">robson.de.oliveira@ufpr.br<\/td><\/tr><tr><td class=\"has-text-align-center\" data-align=\"center\">Profa. Dra. <a href=\"http:\/\/lattes.cnpq.br\/9705704436790849\" target=\"_blank\" rel=\"noreferrer noopener\">Silvana Maria Escorsim<\/a><\/td><td class=\"has-text-align-center\" data-align=\"center\">2015<\/td><td class=\"has-text-align-center\" data-align=\"center\">mariaescorsim@ufpr.br<\/td><\/tr><tr><td class=\"has-text-align-center\" data-align=\"center\">Profa. Dra. <a href=\"http:\/\/lattes.cnpq.br\/5217789753107190\" target=\"_blank\" rel=\"noreferrer noopener\">Silvana Marta Tumelero<\/a><\/td><td class=\"has-text-align-center\" data-align=\"center\">2010<\/td><td class=\"has-text-align-center\" data-align=\"center\">siltumelero.ufpr@gmail.com<\/td><\/tr><\/tbody><\/table><\/figure>\n","protected":false},"excerpt":{"rendered":"<p>Docentes efetivos do curso de Bacharelado em Servi\u00e7o Social da UFPR \u2013 Setor Litoral (Portaria n\u00ba 2018\/2025 Setor Litoral, de 23 de outubro de 2025) Docente In\u00edcio do v\u00ednculo Contato Profa. Dra. Adriana Lucinda de Oliveira 2010 adrilucinda@gmail.com Prof. Ma. Ana Lu\u00edza Tavares Bruinj\u00e9 2025 anabruinje@ufpr.br Profa. Dra. Ane B\u00e1rbara Voidelo 2018 anebarbarav@hotmail.com Prof. Dr. [&hellip;]<\/p>\n","protected":false},"author":1671,"featured_media":0,"parent":0,"menu_order":0,"comment_status":"closed","ping_status":"closed","template":"","meta":{"_acf_changed":false,"footnotes":""},"class_list":["post-1106","page","type-page","status-publish","hentry"],"acf":[],"_links":{"self":[{"href":"https:\/\/litoral.ufpr.br\/servicosocial\/wp-json\/wp\/v2\/pages\/1106","targetHints":{"allow":["GET"]}}],"collection":[{"href":"https:\/\/litoral.ufpr.br\/servicosocial\/wp-json\/wp\/v2\/pages"}],"about":[{"href":"https:\/\/litoral.ufpr.br\/servicosocial\/wp-json\/wp\/v2\/types\/page"}],"author":[{"embeddable":true,"href":"https:\/\/litoral.ufpr.br\/servicosocial\/wp-json\/wp\/v2\/users\/1671"}],"replies":[{"embeddable":true,"href":"https:\/\/litoral.ufpr.br\/servicosocial\/wp-json\/wp\/v2\/comments?post=1106"}],"version-history":[{"count":7,"href":"https:\/\/litoral.ufpr.br\/servicosocial\/wp-json\/wp\/v2\/pages\/1106\/revisions"}],"predecessor-version":[{"id":1124,"href":"https:\/\/litoral.ufpr.br\/servicosocial\/wp-json\/wp\/v2\/pages\/1106\/revisions\/1124"}],"wp:attachment":[{"href":"https:\/\/litoral.ufpr.br\/servicosocial\/wp-json\/wp\/v2\/media?parent=1106"}],"curies":[{"name":"wp","href":"https:\/\/api.w.org\/{rel}","templated":true}]}}