{"id":477,"date":"2019-02-25T13:42:25","date_gmt":"2019-02-25T16:42:25","guid":{"rendered":"https:\/\/litoral.ufpr.br\/saudecoletiva\/?page_id=477"},"modified":"2026-08-26T11:53:39","modified_gmt":"2026-08-26T14:53:39","slug":"calendarios","status":"publish","type":"page","link":"https:\/\/litoral.ufpr.br\/saudecoletiva\/calendarios\/","title":{"rendered":"Atividades Formativas Curriculares (AFC)"},"content":{"rendered":"\n<p>Atividades Complementares<\/p>\n\n\n\n<p>As Atividades Formativas Complementares \u2013 AFC, denominadas como Atividades Complementares pelo Conselho Nacional de Educa\u00e7\u00e3o, s\u00e3o regulamentadas na Universidade Federal do Paran\u00e1 pela Resolu\u00e7\u00e3o n\u00ba 70\/04-CEPE com a denomina\u00e7\u00e3o de Atividades Formativas, sendo definidas como \u201catividades complementares em rela\u00e7\u00e3o ao eixo fundamental do curr\u00edculo, objetivando sua flexibiliza\u00e7\u00e3o\u201d. As Atividades Formativas Complementares (AFC) se caracterizam pela articula\u00e7\u00e3o entre ensino, pesquisa e extens\u00e3o, assegurando seu car\u00e1ter interdisciplinar em rela\u00e7\u00e3o \u00e0s diversas \u00e1reas do conhecimento.<\/p>\n\n\n\n<p>A carga hor\u00e1ria das atividades formativas do Curso de Gradua\u00e7\u00e3o em Sa\u00fade Coletiva ser\u00e1 de 100 horas a serem integralizadas mediante a participa\u00e7\u00e3o do(a) acad\u00eamico(a) em pelo menos em tr\u00eas atividades complementares durante o desenvolvimento do curso.<\/p>\n\n\n\n<p>A Comiss\u00e3o Permanente de Acompanhamento de Atividades Formativas \u2013CPAAF (Resolu\u00e7\u00e3o 46-10 CEPE), presidida pela vice-coordena\u00e7\u00e3o vigente e com membros indicados pela C\u00e2mara do Curso, \u00e9 respons\u00e1vel por validar os comprovantes de participa\u00e7\u00e3o em atividades realizadas pelos discentes. Os crit\u00e9rios para valida\u00e7\u00e3o destas atividades est\u00e3o descritos no \u201cRegulamento das Atividades Formativas Complementares do Curso\u201d, conforme anexo V deste PPC.<\/p>\n\n\n\n<p>Regulamento AFCs<\/p>\n\n\n\n<p><a href=\"https:\/\/litoral.ufpr.br\/saudecoletiva\/wp-content\/uploads\/sites\/16\/2026\/08\/anexo-afc.pdf\">Regulamento AFCs<\/a><\/p>\n\n\n\n<p>Edital das AFCs 2026_2<\/p>\n\n\n\n<p><a href=\"https:\/\/litoral.ufpr.br\/saudecoletiva\/wp-content\/uploads\/sites\/16\/2026\/08\/EDITAL-3_2026_VALIDACAO-DAS-ATIVIDADES-FORMATIVAS.pdf\">Edital AFCs 2026_2<\/a><\/p>\n\n\n\n<p><\/p>\n\n\n\n<p><\/p>\n\n\n\n<p>P\u00e1gina atualizada em 26\/08\/2026 \u00e0s 11h53.<\/p>\n","protected":false},"excerpt":{"rendered":"<p>Atividades Complementares As Atividades Formativas Complementares \u2013 AFC, denominadas como Atividades Complementares pelo Conselho Nacional de Educa\u00e7\u00e3o, s\u00e3o regulamentadas na Universidade Federal do Paran\u00e1 pela Resolu\u00e7\u00e3o n\u00ba 70\/04-CEPE com a denomina\u00e7\u00e3o de Atividades Formativas, sendo definidas como \u201catividades complementares em rela\u00e7\u00e3o ao eixo fundamental do curr\u00edculo, objetivando sua flexibiliza\u00e7\u00e3o\u201d. As Atividades Formativas Complementares (AFC) se [&hellip;]<\/p>\n","protected":false},"author":3,"featured_media":0,"parent":0,"menu_order":0,"comment_status":"closed","ping_status":"closed","template":"","meta":{"_acf_changed":false,"footnotes":""},"class_list":["post-477","page","type-page","status-publish","hentry"],"acf":[],"_links":{"self":[{"href":"https:\/\/litoral.ufpr.br\/saudecoletiva\/wp-json\/wp\/v2\/pages\/477","targetHints":{"allow":["GET"]}}],"collection":[{"href":"https:\/\/litoral.ufpr.br\/saudecoletiva\/wp-json\/wp\/v2\/pages"}],"about":[{"href":"https:\/\/litoral.ufpr.br\/saudecoletiva\/wp-json\/wp\/v2\/types\/page"}],"author":[{"embeddable":true,"href":"https:\/\/litoral.ufpr.br\/saudecoletiva\/wp-json\/wp\/v2\/users\/3"}],"replies":[{"embeddable":true,"href":"https:\/\/litoral.ufpr.br\/saudecoletiva\/wp-json\/wp\/v2\/comments?post=477"}],"version-history":[{"count":25,"href":"https:\/\/litoral.ufpr.br\/saudecoletiva\/wp-json\/wp\/v2\/pages\/477\/revisions"}],"predecessor-version":[{"id":2795,"href":"https:\/\/litoral.ufpr.br\/saudecoletiva\/wp-json\/wp\/v2\/pages\/477\/revisions\/2795"}],"wp:attachment":[{"href":"https:\/\/litoral.ufpr.br\/saudecoletiva\/wp-json\/wp\/v2\/media?parent=477"}],"curies":[{"name":"wp","href":"https:\/\/api.w.org\/{rel}","templated":true}]}}