{"id":1161,"date":"2022-01-24T08:32:28","date_gmt":"2022-01-24T11:32:28","guid":{"rendered":"https:\/\/litoral.ufpr.br\/saudecoletiva\/?page_id=1161"},"modified":"2026-08-26T10:50:29","modified_gmt":"2026-08-26T13:50:29","slug":"pric","status":"publish","type":"page","link":"https:\/\/litoral.ufpr.br\/saudecoletiva\/curriculo\/pric\/","title":{"rendered":"Atividades Curriculares de Extens\u00e3o (ACE)"},"content":{"rendered":"\n<p>Extens\u00e3o<\/p>\n\n\n\n<p>As Atividades Curriculares de Extens\u00e3o (ACE) se integram \u00e0 matriz curricular do Curso de Sa\u00fade Coletiva num sentido interdisciplinar, pol\u00edtico-educacional, cultural, cient\u00edfico e tecnol\u00f3gico cuja finalidade \u00e9 promover a intera\u00e7\u00e3o transformadora \u201centre as institui\u00e7\u00f5es de ensino superior e os outros setores da sociedade, por meio da produ\u00e7\u00e3o e da aplica\u00e7\u00e3o do conhecimento, em articula\u00e7\u00e3o permanente com o ensino\u201d (BRASIL, 2018, Art. 3\u00ba).<\/p>\n\n\n\n<p>Essas atividades de car\u00e1ter obrigat\u00f3rio do PPC do Curso de Gradua\u00e7\u00e3o em Sa\u00fade Coletiva totalizam 10,23% do total da carga hor\u00e1ria do curso, ou seja, 330h, e t\u00eam como finalidade ressaltar o valor das atividades de extens\u00e3o universit\u00e1ria que contribuem para efetiva indissociabilidade entre ensino, pesquisa e extens\u00e3o. Essas atividades devem envolver \u201cdiretamente as comunidades externas \u00e0s institui\u00e7\u00f5es de ensino superior e que estejam vinculadas \u00e0 forma\u00e7\u00e3o do estudante, priorizando sua a\u00e7\u00e3o para as \u00e1reas de grande pertin\u00eancia social\u201d (BRASIL, 2014, Meta 12, estrat\u00e9gia 7).<\/p>\n\n\n\n<p>O Regulamento da ACEs encontra-se no Anexo VII deste PPC e estabelece as normas e diretrizes para sua realiza\u00e7\u00e3o.<\/p>\n\n\n\n<p>Regulamento da extens\u00e3o<\/p>\n\n\n\n<p><a href=\"https:\/\/litoral.ufpr.br\/saudecoletiva\/wp-content\/uploads\/sites\/16\/2026\/08\/anexo-extensao.pdf\">Regulamento da extens\u00e3o.<\/a><\/p>\n\n\n\n<p>P\u00e1gina da Pr\u00f3-Reitoria de extens\u00e3o e cultura (PROEC)<\/p>\n\n\n\n<p><a href=\"http:\/\/www.proec.ufpr.br\/index.html\" data-type=\"link\" data-id=\"http:\/\/www.proec.ufpr.br\/index.html\">http:\/\/www.proec.ufpr.br\/index.html<\/a><\/p>\n\n\n\n<p><\/p>\n","protected":false},"excerpt":{"rendered":"<p>Extens\u00e3o As Atividades Curriculares de Extens\u00e3o (ACE) se integram \u00e0 matriz curricular do Curso de Sa\u00fade Coletiva num sentido interdisciplinar, pol\u00edtico-educacional, cultural, cient\u00edfico e tecnol\u00f3gico cuja finalidade \u00e9 promover a intera\u00e7\u00e3o transformadora \u201centre as institui\u00e7\u00f5es de ensino superior e os outros setores da sociedade, por meio da produ\u00e7\u00e3o e da aplica\u00e7\u00e3o do conhecimento, em articula\u00e7\u00e3o [&hellip;]<\/p>\n","protected":false},"author":1586,"featured_media":0,"parent":461,"menu_order":0,"comment_status":"closed","ping_status":"closed","template":"","meta":{"_acf_changed":false,"footnotes":""},"class_list":["post-1161","page","type-page","status-publish","hentry"],"acf":[],"_links":{"self":[{"href":"https:\/\/litoral.ufpr.br\/saudecoletiva\/wp-json\/wp\/v2\/pages\/1161","targetHints":{"allow":["GET"]}}],"collection":[{"href":"https:\/\/litoral.ufpr.br\/saudecoletiva\/wp-json\/wp\/v2\/pages"}],"about":[{"href":"https:\/\/litoral.ufpr.br\/saudecoletiva\/wp-json\/wp\/v2\/types\/page"}],"author":[{"embeddable":true,"href":"https:\/\/litoral.ufpr.br\/saudecoletiva\/wp-json\/wp\/v2\/users\/1586"}],"replies":[{"embeddable":true,"href":"https:\/\/litoral.ufpr.br\/saudecoletiva\/wp-json\/wp\/v2\/comments?post=1161"}],"version-history":[{"count":12,"href":"https:\/\/litoral.ufpr.br\/saudecoletiva\/wp-json\/wp\/v2\/pages\/1161\/revisions"}],"predecessor-version":[{"id":2791,"href":"https:\/\/litoral.ufpr.br\/saudecoletiva\/wp-json\/wp\/v2\/pages\/1161\/revisions\/2791"}],"up":[{"embeddable":true,"href":"https:\/\/litoral.ufpr.br\/saudecoletiva\/wp-json\/wp\/v2\/pages\/461"}],"wp:attachment":[{"href":"https:\/\/litoral.ufpr.br\/saudecoletiva\/wp-json\/wp\/v2\/media?parent=1161"}],"curies":[{"name":"wp","href":"https:\/\/api.w.org\/{rel}","templated":true}]}}