{"id":2271,"date":"2025-10-13T11:36:42","date_gmt":"2025-10-13T14:36:42","guid":{"rendered":"https:\/\/litoral.ufpr.br\/lecampo\/?page_id=2271"},"modified":"2025-10-13T11:54:35","modified_gmt":"2025-10-13T14:54:35","slug":"atividades-curriculares-de-extensao-ace","status":"publish","type":"page","link":"https:\/\/litoral.ufpr.br\/lecampo\/atividades-curriculares-de-extensao-ace\/","title":{"rendered":"Atividades Curriculares de Extens\u00e3o (ACE)"},"content":{"rendered":"\n<p><img loading=\"lazy\" decoding=\"async\" width=\"20\" height=\"20\" src=\"https:\/\/litoral.ufpr.br\/lecampo\/wp-content\/uploads\/sites\/10\/2020\/09\/Girasol.jpg\" alt=\"\"> <strong>Estudantes da Lecampo a partir de 2023 devem cumprir 340h de a\u00e7\u00f5es de extens\u00e3o dentro das disciplinas.<\/strong><\/p>\n\n\n\n<p>A Extens\u00e3o consiste em um dos tr\u00eas pilares que fundamentam o ensino superior no Brasil (BRASIL, 1996). As Atividades de Extens\u00e3o s\u00e3o integradas curricularmente aos cursos de gradua\u00e7\u00e3o e p\u00f3s-gradua\u00e7\u00e3o a partir da Resolu\u00e7\u00e3o MEC\/CNE\/CES n\u00ba 7\/2018 e institu\u00eddas na UFPR conforme a Resolu\u00e7\u00e3o n\u00ba 57\/2019- CEPE.<\/p>\n\n\n\n<p>Ambos os documentos definem o conceito de extens\u00e3o como: atividade que se integra \u00e0 matriz curricular e \u00e0 organiza\u00e7\u00e3o da pesquisa, constituindo-se em processo interdisciplinar, pol\u00edtico, educacional, cultural, cient\u00edfico, tecnol\u00f3gico, que promove a intera\u00e7\u00e3o transformadora entre as institui\u00e7\u00f5es de ensino superior e os outros setores da sociedade, por meio da produ\u00e7\u00e3o e da aplica\u00e7\u00e3o do conhecimento, em articula\u00e7\u00e3o permanente com o ensino e a pesquisa (BRASIL, 2018).<\/p>\n\n\n\n<p>O Curso de Licenciatura em Educa\u00e7\u00e3o do Campo &#8211; Ci\u00eancias da Natureza (Lecampo) considera a extens\u00e3o como uma ponte necess\u00e1ria entre a universidade e a sociedade, com vistas \u00e0 real fun\u00e7\u00e3o social da universidade p\u00fablica. Neste sentido, a extens\u00e3o \u00e9 compreendida no curso a partir de uma perspectiva freireana, ou seja, como um espa\u00e7o de forma\u00e7\u00e3o, de produ\u00e7\u00e3o de conhecimento e troca de saberes, como espa\u00e7o potencial de aproxima\u00e7\u00e3o e interlocu\u00e7\u00e3o com as comunidades. Desta forma, as Atividades Curriculares de Extens\u00e3o (ACE) se constituem como atividades integradas \u00e0 matriz curricular do Curso de Licenciatura em Educa\u00e7\u00e3o do Campo &#8211; Ci\u00eancias da Natureza (Lecampo) em car\u00e1ter obrigat\u00f3rio, totalizando 340 horas, que correspondem a 10% do total da carga hor\u00e1ria do curso. Essas atividades devem envolver \u201c[&#8230;] diretamente as comunidades externas \u00e0s institui\u00e7\u00f5es de ensino superior e que estejam vinculadas \u00e0 forma\u00e7\u00e3o do estudante, priorizando sua a\u00e7\u00e3o para as \u00e1reas de grande pertin\u00eancia social\u201d (BRASIL, 2014, Meta 12, Estrat\u00e9gia 7). Nesse sentido, busca contribuir na efetiva indissociabilidade entre ensino, pesquisa e extens\u00e3o, tendo como base as concep\u00e7\u00f5es e diretrizes que norteiam as ACEs no ensino superior, que s\u00e3o:<\/p>\n\n\n\n<p>I &#8211; a contribui\u00e7\u00e3o na forma\u00e7\u00e3o integral do estudante, estimulando sua forma\u00e7\u00e3o como cidad\u00e3o cr\u00edtico e respons\u00e1vel;<\/p>\n\n\n\n<p>II &#8211; o estabelecimento de di\u00e1logo construtivo e transformador com os demais setores da sociedade brasileira e internacional, respeitando e promovendo a interculturalidade;<\/p>\n\n\n\n<p>III &#8211; a promo\u00e7\u00e3o de iniciativas que expressem o compromisso social das institui\u00e7\u00f5es de ensino superior com todas as \u00e1reas, em especial, as de comunica\u00e7\u00e3o, cultura, direitos humanos e justi\u00e7a, educa\u00e7\u00e3o, meio ambiente, sa\u00fade, tecnologia e produ\u00e7\u00e3o, e trabalho, em conson\u00e2ncia com as pol\u00edticas ligadas \u00e0s diretrizes para a educa\u00e7\u00e3o ambiental, educa\u00e7\u00e3o \u00e9tnico-racial, direitos humanos e educa\u00e7\u00e3o ind\u00edgena;<\/p>\n\n\n\n<p>V &#8211; a promo\u00e7\u00e3o da reflex\u00e3o \u00e9tica quanto \u00e0 dimens\u00e3o social do ensino e da pesquisa;<\/p>\n\n\n\n<p>V &#8211; o incentivo \u00e0 atua\u00e7\u00e3o da comunidade acad\u00eamica e t\u00e9cnica na contribui\u00e7\u00e3o ao enfrentamento das quest\u00f5es da sociedade brasileira, inclusive por meio do desenvolvimento econ\u00f4mico, social e cultural;<\/p>\n\n\n\n<p>VI &#8211; o apoio em princ\u00edpios \u00e9ticos que expressem o compromisso social de cada estabelecimento superior de educa\u00e7\u00e3o;<\/p>\n\n\n\n<p>VII &#8211; a atua\u00e7\u00e3o na produ\u00e7\u00e3o e na constru\u00e7\u00e3o de conhecimentos, atualizados e coerentes, voltados para o desenvolvimento social, equitativo, sustent\u00e1vel, com a realidade brasileira (BRASIL, 2018, Art. 6\u00ba).<\/p>\n\n\n\n<p>Desta forma, as Atividades Curriculares de Extens\u00e3o (ACE) no Curso de Licenciatura em Educa\u00e7\u00e3o do Campo &#8211; Ci\u00eancias da Natureza (Lecampo) s\u00e3o obrigat\u00f3rias para todos os\/as estudantes e categorizam-se na modalidade: <\/p>\n\n\n\n<p>\u25cf ACE II \u2013 Disciplinas de car\u00e1ter obrigat\u00f3rio, incluindo a disciplina de est\u00e1gio obrigat\u00f3rio, e\/ou disciplinas de car\u00e1ter optativo com previs\u00e3o de uma parte ou da totalidade da carga hor\u00e1ria destinada \u00e0 participa\u00e7\u00e3o em a\u00e7\u00f5es de Programas ou Projetos de Extens\u00e3o.<\/p>\n\n\n\n<p><\/p>\n\n\n\n<h2 class=\"wp-block-heading\">Documentos importantes<\/h2>\n\n\n\n<p><img loading=\"lazy\" decoding=\"async\" width=\"20\" height=\"20\" src=\"https:\/\/litoral.ufpr.br\/lecampo\/wp-content\/uploads\/sites\/10\/2020\/09\/Girasol.jpg\" alt=\"\"> <a href=\"https:\/\/litoral.ufpr.br\/lecampo\/wp-content\/uploads\/sites\/10\/2025\/10\/PPC-40-44.pdf\" target=\"_blank\" rel=\"noreferrer noopener\">Regulamento de Extens\u00e3o do Curso<\/a><\/p>\n\n\n\n<p><img loading=\"lazy\" decoding=\"async\" width=\"20\" height=\"20\" src=\"https:\/\/litoral.ufpr.br\/lecampo\/wp-content\/uploads\/sites\/10\/2020\/09\/Girasol.jpg\" alt=\"\"> <a href=\"https:\/\/litoral.ufpr.br\/admpublica\/wp-content\/uploads\/sites\/6\/2025\/08\/Res.-86-2020-CEPE.pdf\" target=\"_blank\" rel=\"noreferrer noopener\">Resolu\u00e7\u00e3o n. 86\/2020 &#8211; CEPE\/UFPR<\/a><\/p>\n\n\n\n<p><img loading=\"lazy\" decoding=\"async\" width=\"20\" height=\"20\" src=\"https:\/\/litoral.ufpr.br\/lecampo\/wp-content\/uploads\/sites\/10\/2020\/09\/Girasol.jpg\" alt=\"\"> <a href=\"https:\/\/portal.mec.gov.br\/index.php?option=com_docman&amp;view=download&amp;alias=104251-rces007-18&amp;category_slug=dezembro-2018-pdf&amp;Itemid=30192\" target=\"_blank\" rel=\"noreferrer noopener\">Resolu\u00e7\u00e3o n.\u00ba 07\/2018 &#8211; CNE\/MEC<\/a><\/p>\n","protected":false},"excerpt":{"rendered":"<p>Estudantes da Lecampo a partir de 2023 devem cumprir 340h de a\u00e7\u00f5es de extens\u00e3o dentro das disciplinas. A Extens\u00e3o consiste em um dos tr\u00eas pilares que fundamentam o ensino superior no Brasil (BRASIL, 1996). As Atividades de Extens\u00e3o s\u00e3o integradas curricularmente aos cursos de gradua\u00e7\u00e3o e p\u00f3s-gradua\u00e7\u00e3o a partir da Resolu\u00e7\u00e3o MEC\/CNE\/CES n\u00ba 7\/2018 e [&hellip;]<\/p>\n","protected":false},"author":1645,"featured_media":0,"parent":0,"menu_order":0,"comment_status":"closed","ping_status":"closed","template":"","meta":{"_acf_changed":false,"footnotes":""},"class_list":["post-2271","page","type-page","status-publish","hentry"],"acf":[],"_links":{"self":[{"href":"https:\/\/litoral.ufpr.br\/lecampo\/wp-json\/wp\/v2\/pages\/2271","targetHints":{"allow":["GET"]}}],"collection":[{"href":"https:\/\/litoral.ufpr.br\/lecampo\/wp-json\/wp\/v2\/pages"}],"about":[{"href":"https:\/\/litoral.ufpr.br\/lecampo\/wp-json\/wp\/v2\/types\/page"}],"author":[{"embeddable":true,"href":"https:\/\/litoral.ufpr.br\/lecampo\/wp-json\/wp\/v2\/users\/1645"}],"replies":[{"embeddable":true,"href":"https:\/\/litoral.ufpr.br\/lecampo\/wp-json\/wp\/v2\/comments?post=2271"}],"version-history":[{"count":4,"href":"https:\/\/litoral.ufpr.br\/lecampo\/wp-json\/wp\/v2\/pages\/2271\/revisions"}],"predecessor-version":[{"id":2288,"href":"https:\/\/litoral.ufpr.br\/lecampo\/wp-json\/wp\/v2\/pages\/2271\/revisions\/2288"}],"wp:attachment":[{"href":"https:\/\/litoral.ufpr.br\/lecampo\/wp-json\/wp\/v2\/media?parent=2271"}],"curies":[{"name":"wp","href":"https:\/\/api.w.org\/{rel}","templated":true}]}}