{"id":2453,"date":"2022-08-21T15:06:42","date_gmt":"2022-08-21T18:06:42","guid":{"rendered":"https:\/\/litoral.ufpr.br\/ambientais\/?page_id=2453"},"modified":"2022-08-21T15:13:07","modified_gmt":"2022-08-21T18:13:07","slug":"grade-curricular-2","status":"publish","type":"page","link":"https:\/\/litoral.ufpr.br\/ambientais\/grade-curricular-2\/","title":{"rendered":"Grade Curricular"},"content":{"rendered":"\n<h1 class=\"has-text-align-center has-black-color has-luminous-vivid-orange-background-color has-text-color has-background has-medium-font-size wp-block-heading\">CURR\u00cdCULO<\/h1>\n\n\n\n<h2 class=\"has-text-align-center has-background wp-block-heading\" style=\"background-color:#fadae2\"><strong>1\u00ba PER\u00cdODO<\/strong><\/h2>\n\n\n\n<figure class=\"wp-block-table is-style-stripes\"><table><thead><tr><th class=\"has-text-align-left\" data-align=\"left\">c\u00f3digo<\/th><th class=\"has-text-align-left\" data-align=\"left\">m\u00f3dulo<\/th><th class=\"has-text-align-center\" data-align=\"center\">carga hor\u00e1ria<\/th><th class=\"has-text-align-center\" data-align=\"center\">docente<\/th><\/tr><\/thead><tbody><tr><td class=\"has-text-align-left\" data-align=\"left\">SLCA101<\/td><td class=\"has-text-align-left\" data-align=\"left\">HIST\u00d3RIA AMBIENTAL<\/td><td class=\"has-text-align-center\" data-align=\"center\">60<\/td><td class=\"has-text-align-center\" data-align=\"center\">Prof. Me.\u00a0<strong>Antonio Lu\u00eds Serbena<br><\/strong>alserbena@gmail.com<br><a rel=\"noreferrer noopener\" href=\"http:\/\/lattes.cnpq.br\/0603308636339497\" target=\"_blank\">http:\/\/lattes.cnpq.br\/0603308636339497<\/a><\/td><\/tr><tr><td class=\"has-text-align-left\" data-align=\"left\">SLCA102<\/td><td class=\"has-text-align-left\" data-align=\"left\">ECOLOGIA DA PAISAGEM<\/td><td class=\"has-text-align-center\" data-align=\"center\">60<\/td><td class=\"has-text-align-center\" data-align=\"center\">Prof. Dr.&nbsp;<strong>Paulo Henrique Carneiro Marques<\/strong><br>(v\u00ednculo UFPR \u2013 09\/03\/2006)<strong><br><\/strong>phcm@ufpr.br<br><a href=\"http:\/\/lattes.cnpq.br\/3531273665021703\" target=\"_blank\" rel=\"noreferrer noopener\">http:\/\/lattes.cnpq.br\/3531273665021703<\/a><\/td><\/tr><tr><td class=\"has-text-align-left\" data-align=\"left\">SLCA103<\/td><td class=\"has-text-align-left\" data-align=\"left\">G\u00caNESE E TRANSFORMA\u00c7\u00c3O TERRITORIAL<\/td><td class=\"has-text-align-center\" data-align=\"center\">60<\/td><td class=\"has-text-align-center\" data-align=\"center\">Prof. Dr.&nbsp;<strong>Luiz Fernando de Carli Lautert<\/strong><br>(v\u00ednculo UFPR \u2013 29\/01\/2007)<br>luizlautert@ufpr.br<br><a href=\"http:\/\/lattes.cnpq.br\/1124000795676509\" target=\"_blank\" rel=\"noreferrer noopener\">http:\/\/lattes.cnpq.br\/1124000795676509<\/a><\/td><\/tr><tr><td class=\"has-text-align-left\" data-align=\"left\">SLCA104<\/td><td class=\"has-text-align-left\" data-align=\"left\">PROJETOS DE APRENDIZAGEM I<\/td><td class=\"has-text-align-center\" data-align=\"center\">60<\/td><td class=\"has-text-align-center\" data-align=\"center\">Prof. Dr.&nbsp;<strong>Valdir Frigo Denardin<\/strong><br>(v\u00ednculo UFPR \u2013 14\/03\/2006)<br>valdirfd@yahoo.com.br<br><a href=\"http:\/\/lattes.cnpq.br\/0290714285197089\" target=\"_blank\" rel=\"noreferrer noopener\">http:\/\/lattes.cnpq.br\/0290714285197089<\/a><\/td><\/tr><tr><td class=\"has-text-align-left\" data-align=\"left\">SL52<\/td><td class=\"has-text-align-left\" data-align=\"left\">INTERA\u00c7\u00d5ES CULTURAIS E HUMAN\u00cdSTICAS<\/td><td class=\"has-text-align-center\" data-align=\"center\">60<\/td><td class=\"has-text-align-center\" data-align=\"center\">&nbsp;<\/td><\/tr><\/tbody><\/table><\/figure>\n\n\n\n<h2 class=\"has-text-align-center has-background wp-block-heading\" style=\"background-color:#fadae2\"><strong>2\u00ba PER\u00cdODO<\/strong><\/h2>\n\n\n\n<figure class=\"wp-block-table is-style-stripes\"><table><thead><tr><th class=\"has-text-align-left\" data-align=\"left\">c\u00f3digo<\/th><th class=\"has-text-align-left\" data-align=\"left\">m\u00f3dulo<\/th><th class=\"has-text-align-center\" data-align=\"center\">carga hor\u00e1ria<\/th><th class=\"has-text-align-center\" data-align=\"center\">docente<\/th><\/tr><\/thead><tbody><tr><td class=\"has-text-align-left\" data-align=\"left\">SLCA201<\/td><td class=\"has-text-align-left\" data-align=\"left\">BIOGEOGRAFIA<\/td><td class=\"has-text-align-center\" data-align=\"center\">60<\/td><td class=\"has-text-align-center\" data-align=\"center\">Profa. Dra. <strong>Juliana Quadros<\/strong><br>(v\u00ednculo UFPR \u2013 14\/03\/2011)<br>quadros.juliana@hotmail.com<br><a href=\"http:\/\/lattes.cnpq.br\/6808343383154097\" target=\"_blank\" rel=\"noreferrer noopener\">http:\/\/lattes.cnpq.br\/6808343383154097<\/a> <br><strong>********<\/strong><br>Profa. Dra. <strong>Liliani Marilia Tiepolo<\/strong><br>(v\u00ednculo UFPR \u2013 09\/03\/2006)<br>liliani@ufpr.br<br><a href=\"http:\/\/lattes.cnpq.br\/1831402537219327\" target=\"_blank\" rel=\"noreferrer noopener\">http:\/\/lattes.cnpq.br\/1831402537219327<\/a><\/td><\/tr><tr><td class=\"has-text-align-left\" data-align=\"left\">SLCA202<\/td><td class=\"has-text-align-left\" data-align=\"left\">QU\u00cdMICA E MICROBIOLOGIA AMBIENTAL<\/td><td class=\"has-text-align-center\" data-align=\"center\">60<\/td><td class=\"has-text-align-center\" data-align=\"center\">Prof. Dr. <strong>Luciano Fernandes Huergo<\/strong><br>(v\u00ednculo UFPR \u2013 29\/02\/2008)<br>luciano.huergo@gmail.com<br><a href=\"http:\/\/lattes.cnpq.br\/1187599583784902\" target=\"_blank\" rel=\"noreferrer noopener\">http:\/\/lattes.cnpq.br\/1187599583784902<\/a><\/td><\/tr><tr><td class=\"has-text-align-left\" data-align=\"left\">SLCA203<\/td><td class=\"has-text-align-left\" data-align=\"left\">SOCIEDADE, CULTURA E AMBIENTE<\/td><td class=\"has-text-align-center\" data-align=\"center\">60<\/td><td class=\"has-text-align-center\" data-align=\"center\">Prof. Dr. <strong>Eduardo Harder<br><\/strong> (v\u00ednculo UFPR \u2013 04\/04\/2006)<br>eduardoharder@ufpr.br<br><a href=\"http:\/\/lattes.cnpq.br\/5728857684205160\" target=\"_blank\" rel=\"noreferrer noopener\">http:\/\/lattes.cnpq.br\/5728857684205160<\/a><\/td><\/tr><tr><td class=\"has-text-align-left\" data-align=\"left\">SLCA204<\/td><td class=\"has-text-align-left\" data-align=\"left\">PROJETOS DE APRENDIZAGEM II<\/td><td class=\"has-text-align-center\" data-align=\"center\">60<\/td><td class=\"has-text-align-center\" data-align=\"center\">Prof. Dr.&nbsp;<strong>Paulo Henrique Carneiro Marques<\/strong><br>(v\u00ednculo UFPR \u2013 09\/03\/2006)<strong><br><\/strong>phcm@ufpr.br<br><a href=\"http:\/\/lattes.cnpq.br\/3531273665021703\" target=\"_blank\" rel=\"noreferrer noopener\">http:\/\/lattes.cnpq.br\/3531273665021703<\/a><\/td><\/tr><tr><td class=\"has-text-align-left\" data-align=\"left\">SL53<\/td><td class=\"has-text-align-left\" data-align=\"left\">INTERA\u00c7\u00d5ES CULTURAIS E HUMAN\u00cdSTICAS<\/td><td class=\"has-text-align-center\" data-align=\"center\">60<\/td><td class=\"has-text-align-center\" data-align=\"center\">&nbsp;<\/td><\/tr><\/tbody><\/table><\/figure>\n\n\n\n<h2 class=\"has-text-align-center has-background wp-block-heading\" style=\"background-color:#feedbe\"><strong>3\u00ba PER\u00cdODO<\/strong><\/h2>\n\n\n\n<figure class=\"wp-block-table is-style-stripes\"><table><thead><tr><th class=\"has-text-align-left\" data-align=\"left\">c\u00f3digo<\/th><th class=\"has-text-align-left\" data-align=\"left\">m\u00f3dulo<\/th><th class=\"has-text-align-center\" data-align=\"center\">carga hor\u00e1ria<\/th><th class=\"has-text-align-center\" data-align=\"center\">docente<\/th><\/tr><\/thead><tbody><tr><td class=\"has-text-align-left\" data-align=\"left\">SLCA301<\/td><td class=\"has-text-align-left\" data-align=\"left\">AUTOECOLOGIA<\/td><td class=\"has-text-align-center\" data-align=\"center\">60<\/td><td class=\"has-text-align-center\" data-align=\"center\">Prof. Me.&nbsp;<strong>Antonio Lu\u00eds Serbena<br><\/strong>(v\u00ednculo UFPR \u2013 09\/03\/2006)<br>alserbena@gmail.com<br><a href=\"http:\/\/lattes.cnpq.br\/0603308636339497\" target=\"_blank\" rel=\"noreferrer noopener\">http:\/\/lattes.cnpq.br\/0603308636339497<\/a><\/td><\/tr><tr><td class=\"has-text-align-left\" data-align=\"left\">SLCA302<\/td><td class=\"has-text-align-left\" data-align=\"left\">BIOGEOQU\u00cdMICA<\/td><td class=\"has-text-align-center\" data-align=\"center\">60<\/td><td class=\"has-text-align-center\" data-align=\"center\">Prof. Dr. <strong>Luciano Fernandes Huergo<\/strong><br>(v\u00ednculo UFPR \u2013 29\/02\/2008)<br>luciano.huergo@gmail.com<br><a href=\"http:\/\/lattes.cnpq.br\/1187599583784902\" target=\"_blank\" rel=\"noreferrer noopener\">http:\/\/lattes.cnpq.br\/1187599583784902<\/a><\/td><\/tr><tr><td class=\"has-text-align-left\" data-align=\"left\">SLCA303<\/td><td class=\"has-text-align-left\" data-align=\"left\">BENS COMUNS E PATRIM\u00d4NIO AMBIENTAL<\/td><td class=\"has-text-align-center\" data-align=\"center\">60<\/td><td class=\"has-text-align-center\" data-align=\"center\">Prof. Dr. <strong>Eduardo Harder<br><\/strong> (v\u00ednculo UFPR \u2013 04\/04\/2006)<br>eduardoharder@ufpr.br<br><a href=\"http:\/\/lattes.cnpq.br\/5728857684205160\" target=\"_blank\" rel=\"noreferrer noopener\">http:\/\/lattes.cnpq.br\/5728857684205160<\/a><\/td><\/tr><tr><td class=\"has-text-align-left\" data-align=\"left\">SLCA304<\/td><td class=\"has-text-align-left\" data-align=\"left\">PROJETOS DE APRENDIZAGEM III<\/td><td class=\"has-text-align-center\" data-align=\"center\">60<\/td><td class=\"has-text-align-center\" data-align=\"center\">Prof. Dr.&nbsp;<strong>Paulo Henrique Carneiro Marques<\/strong><br>(v\u00ednculo UFPR \u2013 09\/03\/2006)<strong><br><\/strong>phcm@ufpr.br<br><a href=\"http:\/\/lattes.cnpq.br\/3531273665021703\" target=\"_blank\" rel=\"noreferrer noopener\">http:\/\/lattes.cnpq.br\/3531273665021703<\/a><\/td><\/tr><tr><td class=\"has-text-align-left\" data-align=\"left\">SL54<\/td><td class=\"has-text-align-left\" data-align=\"left\">INTERA\u00c7\u00d5ES CULTURAIS E HUMAN\u00cdSTICAS<\/td><td class=\"has-text-align-center\" data-align=\"center\">60<\/td><td class=\"has-text-align-center\" data-align=\"center\">&nbsp;<\/td><\/tr><\/tbody><\/table><\/figure>\n\n\n\n<h2 class=\"has-text-align-center has-background wp-block-heading\" style=\"background-color:#feedbe\"><strong>4\u00ba PER\u00cdODO<\/strong><\/h2>\n\n\n\n<figure class=\"wp-block-table is-style-stripes\"><table><thead><tr><th class=\"has-text-align-left\" data-align=\"left\">c\u00f3digo<\/th><th class=\"has-text-align-left\" data-align=\"left\">m\u00f3dulo<\/th><th class=\"has-text-align-center\" data-align=\"center\">carga hor\u00e1ria<\/th><th class=\"has-text-align-center\" data-align=\"center\">docente<\/th><\/tr><\/thead><tbody><tr><td class=\"has-text-align-left\" data-align=\"left\">SLCA401<\/td><td class=\"has-text-align-left\" data-align=\"left\">DEMOECOLOGIA<\/td><td class=\"has-text-align-center\" data-align=\"center\">60<\/td><td class=\"has-text-align-center\" data-align=\"center\">Prof. Me.&nbsp;<strong>Antonio Lu\u00eds Serbena<br><\/strong>(v\u00ednculo UFPR \u2013 09\/03\/2006)<br>alserbena@gmail.com<br><a href=\"http:\/\/lattes.cnpq.br\/0603308636339497\" target=\"_blank\" rel=\"noreferrer noopener\">http:\/\/lattes.cnpq.br\/0603308636339497<\/a><\/td><\/tr><tr><td class=\"has-text-align-left\" data-align=\"left\">SLCA402<\/td><td class=\"has-text-align-left\" data-align=\"left\">SISTEMA DE INFORMA\u00c7\u00d5ES GEOGR\u00c1FICAS<\/td><td class=\"has-text-align-center\" data-align=\"center\">60<\/td><td class=\"has-text-align-center\" data-align=\"center\">Prof. Dr. <strong>Luiz Augusto Macedo Mestre<\/strong><br>(v\u00ednculo UFPR \u2013 17\/02\/2011)<br>luiz.mestre@ufpr.br<br><a href=\"http:\/\/lattes.cnpq.br\/7032727245293131\" target=\"_blank\" rel=\"noreferrer noopener\">http:\/\/lattes.cnpq.br\/7032727245293131<\/a><\/td><\/tr><tr><td class=\"has-text-align-left\" data-align=\"left\">SLCA403<\/td><td class=\"has-text-align-left\" data-align=\"left\">AMBIENTE E TERRIT\u00d3RIO URBANO<\/td><td class=\"has-text-align-center\" data-align=\"center\">60<\/td><td class=\"has-text-align-center\" data-align=\"center\">Profa. Dra. <strong>Andr\u00e9a Maximo Esp\u00ednola<\/strong><br>(v\u00ednculo UFPR \u2013 09\/03\/2006)<br>andreaespinola@yahoo.com<br><a href=\"http:\/\/lattes.cnpq.br\/9703410726901513\" target=\"_blank\" rel=\"noreferrer noopener\">http:\/\/lattes.cnpq.br\/9703410726901513<\/a><\/td><\/tr><tr><td class=\"has-text-align-left\" data-align=\"left\">SLCA404<\/td><td class=\"has-text-align-left\" data-align=\"left\">PROJETOS DE APRENDIZAGEM IV<\/td><td class=\"has-text-align-center\" data-align=\"center\">60<\/td><td class=\"has-text-align-center\" data-align=\"center\">Profa. Dra. <strong>Andr\u00e9a Maximo Esp\u00ednola<\/strong><br>(v\u00ednculo UFPR \u2013 09\/03\/2006)<br>andreaespinola@yahoo.com<br><a href=\"http:\/\/lattes.cnpq.br\/9703410726901513\" target=\"_blank\" rel=\"noreferrer noopener\">http:\/\/lattes.cnpq.br\/9703410726901513<\/a><br><strong> ********<br><\/strong>Prof. Me.&nbsp;<strong>Antonio Lu\u00eds Serbena<br><\/strong>(v\u00ednculo UFPR \u2013 09\/03\/2006)<br>alserbena@gmail.com<br><a href=\"http:\/\/lattes.cnpq.br\/0603308636339497\" target=\"_blank\" rel=\"noreferrer noopener\">http:\/\/lattes.cnpq.br\/0603308636339497<\/a> <br><strong> ********<br><\/strong>Prof. Dr. <strong>Eduardo Harder<br><\/strong> (v\u00ednculo UFPR \u2013 04\/04\/2006)<br>eduardoharder@ufpr.br<br><a href=\"http:\/\/lattes.cnpq.br\/5728857684205160\" target=\"_blank\" rel=\"noreferrer noopener\">http:\/\/lattes.cnpq.br\/5728857684205160<\/a><br><strong> ********<\/strong> <br>Profa. Dra. <strong>Juliana Quadros<\/strong><br>(v\u00ednculo UFPR \u2013 14\/03\/2011)<br>quadros.juliana@hotmail.com<br><a href=\"http:\/\/lattes.cnpq.br\/6808343383154097\" target=\"_blank\" rel=\"noreferrer noopener\">http:\/\/lattes.cnpq.br\/6808343383154097<\/a><br><strong> ********<br><\/strong>Profa. Dra. <strong>Liliani Marilia Tiepolo<\/strong><br>(v\u00ednculo UFPR \u2013 09\/03\/2006)<br>liliani@ufpr.br<br><a href=\"http:\/\/lattes.cnpq.br\/1831402537219327\" target=\"_blank\" rel=\"noreferrer noopener\">http:\/\/lattes.cnpq.br\/1831402537219327<\/a><br><strong> ********<br><\/strong>Prof. Dr. <strong>Luciano Fernandes Huergo<\/strong><br>(v\u00ednculo UFPR \u2013 29\/02\/2008)<br>luciano.huergo@gmail.com<br><a href=\"http:\/\/lattes.cnpq.br\/1187599583784902\" target=\"_blank\" rel=\"noreferrer noopener\">http:\/\/lattes.cnpq.br\/1187599583784902<\/a><br><strong> ********<br><\/strong>Prof. Dr. <strong>Luiz Augusto Macedo Mestre<\/strong><br>(v\u00ednculo UFPR \u2013 17\/02\/2011)<br>luiz.mestre@ufpr.br<br><a href=\"http:\/\/lattes.cnpq.br\/7032727245293131\" target=\"_blank\" rel=\"noreferrer noopener\">http:\/\/lattes.cnpq.br\/7032727245293131<\/a><br><strong> ********<br><\/strong> Prof. Dr.&nbsp;<strong>Paulo Henrique Carneiro Marques<\/strong><br>(v\u00ednculo UFPR \u2013 09\/03\/2006)<strong><br><\/strong>phcm@ufpr.br<br><a href=\"http:\/\/lattes.cnpq.br\/3531273665021703\" target=\"_blank\" rel=\"noreferrer noopener\">http:\/\/lattes.cnpq.br\/3531273665021703<\/a><br><strong> ********<br><\/strong> Prof. Dr.&nbsp;<strong>Valdir Frigo Denardin<\/strong><br>(v\u00ednculo UFPR \u2013 14\/03\/2006)<br>valdirfd@yahoo.com.br<br><a href=\"http:\/\/lattes.cnpq.br\/0290714285197089\" target=\"_blank\" rel=\"noreferrer noopener\">http:\/\/lattes.cnpq.br\/0290714285197089<\/a><\/td><\/tr><tr><td class=\"has-text-align-left\" data-align=\"left\">SL55<\/td><td class=\"has-text-align-left\" data-align=\"left\">INTERA\u00c7\u00d5ES CULTURAIS E HUMAN\u00cdSTICAS<\/td><td class=\"has-text-align-center\" data-align=\"center\">60<\/td><td class=\"has-text-align-center\" data-align=\"center\">&nbsp;<\/td><\/tr><\/tbody><\/table><\/figure>\n\n\n\n<h2 class=\"has-text-align-center has-background wp-block-heading\" style=\"background-color:#8efcd0\"><strong>5\u00ba PER\u00cdODO<\/strong><\/h2>\n\n\n\n<figure class=\"wp-block-table is-style-stripes\"><table><thead><tr><th class=\"has-text-align-left\" data-align=\"left\">c\u00f3digo<\/th><th class=\"has-text-align-left\" data-align=\"left\">m\u00f3dulo<\/th><th class=\"has-text-align-center\" data-align=\"center\">carga hor\u00e1ria<\/th><th class=\"has-text-align-center\" data-align=\"center\">docente<\/th><\/tr><\/thead><tbody><tr><td class=\"has-text-align-left\" data-align=\"left\">SLCA501<\/td><td class=\"has-text-align-left\" data-align=\"left\">SINECOLOGIA<\/td><td class=\"has-text-align-center\" data-align=\"center\">60<\/td><td class=\"has-text-align-center\" data-align=\"center\">Prof. Dr. <strong>Luiz Augusto Macedo Mestre<\/strong><br>(v\u00ednculo UFPR \u2013 17\/02\/2011)<br>luiz.mestre@ufpr.br<br><a href=\"http:\/\/lattes.cnpq.br\/7032727245293131\" target=\"_blank\" rel=\"noreferrer noopener\">http:\/\/lattes.cnpq.br\/7032727245293131<\/a><\/td><\/tr><tr><td class=\"has-text-align-left\" data-align=\"left\">SLCA502<\/td><td class=\"has-text-align-left\" data-align=\"left\">PLANEJAMENTO TERRITORIAL<\/td><td class=\"has-text-align-center\" data-align=\"center\">60<\/td><td class=\"has-text-align-center\" data-align=\"center\">Prof. Dr. <strong>Marcelo Cunha Varella<\/strong><br>(v\u00ednculo UFPR \u2013 13\/04\/2016)<br>mvarella@ufpr.br<br><a href=\"http:\/\/lattes.cnpq.br\/9356948866106926\">http:\/\/lattes.cnpq.br\/9356948866106926<\/a><\/td><\/tr><tr><td class=\"has-text-align-left\" data-align=\"left\">SLCA503<\/td><td class=\"has-text-align-left\" data-align=\"left\">ECONOMIA ECOL\u00d3GICA<\/td><td class=\"has-text-align-center\" data-align=\"center\">60<\/td><td class=\"has-text-align-center\" data-align=\"center\">Prof. Dr.&nbsp;<strong>Valdir Frigo Denardin<\/strong><br>(v\u00ednculo UFPR \u2013 14\/03\/2006)<br>valdirfd@yahoo.com.br<br><a href=\"http:\/\/lattes.cnpq.br\/0290714285197089\" target=\"_blank\" rel=\"noreferrer noopener\">http:\/\/lattes.cnpq.br\/0290714285197089<\/a><\/td><\/tr><tr><td class=\"has-text-align-left\" data-align=\"left\">SLCA504<\/td><td class=\"has-text-align-left\" data-align=\"left\">PROJETOS DE APRENDIZAGEM V<\/td><td class=\"has-text-align-center\" data-align=\"center\">60<\/td><td class=\"has-text-align-center\" data-align=\"center\">Profa. Dra. <strong>Andr\u00e9a Maximo Esp\u00ednola<\/strong><br>(v\u00ednculo UFPR \u2013 09\/03\/2006)<br>andreaespinola@yahoo.com<br><a href=\"http:\/\/lattes.cnpq.br\/9703410726901513\" target=\"_blank\" rel=\"noreferrer noopener\">http:\/\/lattes.cnpq.br\/9703410726901513<\/a><br><strong> ********<br><\/strong>Prof. Me.&nbsp;<strong>Antonio Lu\u00eds Serbena<br><\/strong>(v\u00ednculo UFPR \u2013 09\/03\/2006)<br>alserbena@gmail.com<br><a href=\"http:\/\/lattes.cnpq.br\/0603308636339497\" target=\"_blank\" rel=\"noreferrer noopener\">http:\/\/lattes.cnpq.br\/0603308636339497<\/a> <br><strong> ********<br><\/strong>Prof. Dr. <strong>Eduardo Harder<br><\/strong> (v\u00ednculo UFPR \u2013 04\/04\/2006)<br>eduardoharder@ufpr.br<br><a href=\"http:\/\/lattes.cnpq.br\/5728857684205160\" target=\"_blank\" rel=\"noreferrer noopener\">http:\/\/lattes.cnpq.br\/5728857684205160<\/a><br><strong> ********<\/strong> <br>Profa. Dra. <strong>Juliana Quadros<\/strong><br>(v\u00ednculo UFPR \u2013 14\/03\/2011)<br>quadros.juliana@hotmail.com<br><a href=\"http:\/\/lattes.cnpq.br\/6808343383154097\" target=\"_blank\" rel=\"noreferrer noopener\">http:\/\/lattes.cnpq.br\/6808343383154097<\/a><br><strong> ********<br><\/strong>Profa. Dra. <strong>Liliani Marilia Tiepolo<\/strong><br>(v\u00ednculo UFPR \u2013 09\/03\/2006)<br>liliani@ufpr.br<br><a href=\"http:\/\/lattes.cnpq.br\/1831402537219327\" target=\"_blank\" rel=\"noreferrer noopener\">http:\/\/lattes.cnpq.br\/1831402537219327<\/a><br><strong> ********<br><\/strong>Prof. Dr. <strong>Luciano Fernandes Huergo<\/strong><br>(v\u00ednculo UFPR \u2013 29\/02\/2008)<br>luciano.huergo@gmail.com<br><a href=\"http:\/\/lattes.cnpq.br\/1187599583784902\" target=\"_blank\" rel=\"noreferrer noopener\">http:\/\/lattes.cnpq.br\/1187599583784902<\/a><br><strong> ********<br><\/strong>Prof. Dr. <strong>Luiz Augusto Macedo Mestre<\/strong><br>(v\u00ednculo UFPR \u2013 17\/02\/2011)<br>luiz.mestre@ufpr.br<br><a href=\"http:\/\/lattes.cnpq.br\/7032727245293131\" target=\"_blank\" rel=\"noreferrer noopener\">http:\/\/lattes.cnpq.br\/7032727245293131<\/a><br><strong> ********<br><\/strong> Prof. Dr.&nbsp;<strong>Paulo Henrique Carneiro Marques<\/strong><br>(v\u00ednculo UFPR \u2013 09\/03\/2006)<strong><br><\/strong>phcm@ufpr.br<br><a href=\"http:\/\/lattes.cnpq.br\/3531273665021703\" target=\"_blank\" rel=\"noreferrer noopener\">http:\/\/lattes.cnpq.br\/3531273665021703<\/a><br><strong> ********<br><\/strong> Prof. Dr.&nbsp;<strong>Valdir Frigo Denardin<\/strong><br>(v\u00ednculo UFPR \u2013 14\/03\/2006)<br>valdirfd@yahoo.com.br<br><a href=\"http:\/\/lattes.cnpq.br\/0290714285197089\" target=\"_blank\" rel=\"noreferrer noopener\">http:\/\/lattes.cnpq.br\/0290714285197089<\/a><\/td><\/tr><tr><td class=\"has-text-align-left\" data-align=\"left\">SL56<\/td><td class=\"has-text-align-left\" data-align=\"left\">INTERA\u00c7\u00d5ES CULTURAIS E HUMAN\u00cdSTICAS<\/td><td class=\"has-text-align-center\" data-align=\"center\">60<\/td><td class=\"has-text-align-center\" data-align=\"center\">&nbsp;<\/td><\/tr><\/tbody><\/table><\/figure>\n\n\n\n<h2 class=\"has-text-align-center has-background wp-block-heading\" style=\"background-color:#8efcd0\"><strong>6\u00ba PER\u00cdODO<\/strong><\/h2>\n\n\n\n<figure class=\"wp-block-table is-style-stripes\"><table><thead><tr><th class=\"has-text-align-left\" data-align=\"left\">c\u00f3digo<\/th><th class=\"has-text-align-left\" data-align=\"left\">m\u00f3dulo<\/th><th class=\"has-text-align-center\" data-align=\"center\">carga hor\u00e1ria<\/th><th class=\"has-text-align-center\" data-align=\"center\">docente<\/th><\/tr><\/thead><tbody><tr><td class=\"has-text-align-left\" data-align=\"left\">SLCA601<\/td><td class=\"has-text-align-left\" data-align=\"left\">BIOLOGIA DA CONSERVA\u00c7\u00c3O<\/td><td class=\"has-text-align-center\" data-align=\"center\">60<\/td><td class=\"has-text-align-center\" data-align=\"center\">Profa. Dra. <strong>Juliana Quadros<\/strong><br>(v\u00ednculo UFPR \u2013 14\/03\/2011)<br>quadros.juliana@hotmail.com<br><a href=\"http:\/\/lattes.cnpq.br\/6808343383154097\" target=\"_blank\" rel=\"noreferrer noopener\">http:\/\/lattes.cnpq.br\/6808343383154097<\/a> <br><strong>********<\/strong><br>Profa. Dra. <strong>Liliani Marilia Tiepolo<\/strong><br>(v\u00ednculo UFPR \u2013 09\/03\/2006)<br>liliani@ufpr.br<br><a href=\"http:\/\/lattes.cnpq.br\/1831402537219327\" target=\"_blank\" rel=\"noreferrer noopener\">http:\/\/lattes.cnpq.br\/1831402537219327<\/a><\/td><\/tr><tr><td class=\"has-text-align-left\" data-align=\"left\">SLCA602<\/td><td class=\"has-text-align-left\" data-align=\"left\">GEST\u00c3O AMBIENTAL<\/td><td class=\"has-text-align-center\" data-align=\"center\">60<\/td><td class=\"has-text-align-center\" data-align=\"center\">&nbsp;<\/td><\/tr><tr><td class=\"has-text-align-left\" data-align=\"left\">SLCA603<\/td><td class=\"has-text-align-left\" data-align=\"left\">ORGANIZA\u00c7\u00d5ES E TECNOLOGIAS SOCIAIS<\/td><td class=\"has-text-align-center\" data-align=\"center\">60<\/td><td class=\"has-text-align-center\" data-align=\"center\">Prof. Me. <strong>Daniel Gustavo Fleig<\/strong><br>(v\u00ednculo UFPR \u2013 01\/03\/2010)<br>fleig@ufpr.br<br><a href=\"http:\/\/lattes.cnpq.br\/5472889897631980\" data-type=\"URL\" data-id=\"http:\/\/lattes.cnpq.br\/5472889897631980\">http:\/\/lattes.cnpq.br\/5472889897631980<\/a><\/td><\/tr><tr><td class=\"has-text-align-left\" data-align=\"left\">SLCA604<\/td><td class=\"has-text-align-left\" data-align=\"left\">PROJETOS DE APRENDIZAGEM VI \u2013 TCC I<\/td><td class=\"has-text-align-center\" data-align=\"center\">60<\/td><td class=\"has-text-align-center\" data-align=\"center\">Profa. Dra. <strong>Andr\u00e9a Maximo Esp\u00ednola<\/strong><br>(v\u00ednculo UFPR \u2013 09\/03\/2006)<br>andreaespinola@yahoo.com<br><a href=\"http:\/\/lattes.cnpq.br\/9703410726901513\" target=\"_blank\" rel=\"noreferrer noopener\">http:\/\/lattes.cnpq.br\/9703410726901513<\/a><br><strong> ********<\/strong><br>Prof. Me.&nbsp;<strong>Antonio Lu\u00eds Serbena<br><\/strong>(v\u00ednculo UFPR \u2013 09\/03\/2006)<br>alserbena@gmail.com<br><a href=\"http:\/\/lattes.cnpq.br\/0603308636339497\" target=\"_blank\" rel=\"noreferrer noopener\">http:\/\/lattes.cnpq.br\/0603308636339497<\/a> <br><strong> ********<\/strong><br>Prof. Dr. <strong>Eduardo Harder<br><\/strong> (v\u00ednculo UFPR \u2013 04\/04\/2006)<br>eduardoharder@ufpr.br<br><a href=\"http:\/\/lattes.cnpq.br\/5728857684205160\" target=\"_blank\" rel=\"noreferrer noopener\">http:\/\/lattes.cnpq.br\/5728857684205160<\/a><br><strong> ********<\/strong> <br>Profa. Dra. <strong>Juliana Quadros<\/strong><br>(v\u00ednculo UFPR \u2013 14\/03\/2011)<br>quadros.juliana@hotmail.com<br><a href=\"http:\/\/lattes.cnpq.br\/6808343383154097\" target=\"_blank\" rel=\"noreferrer noopener\">http:\/\/lattes.cnpq.br\/6808343383154097<\/a><br><strong> ********<\/strong><br>Profa. Dra. <strong>Liliani Marilia Tiepolo<\/strong><br>(v\u00ednculo UFPR \u2013 09\/03\/2006)<br>liliani@ufpr.br<br><a href=\"http:\/\/lattes.cnpq.br\/1831402537219327\" target=\"_blank\" rel=\"noreferrer noopener\">http:\/\/lattes.cnpq.br\/1831402537219327<\/a><br><strong> ********<\/strong><br>Prof. Dr. <strong>Luciano Fernandes Huergo<\/strong><br>(v\u00ednculo UFPR \u2013 29\/02\/2008)<br>luciano.huergo@gmail.com<br><a href=\"http:\/\/lattes.cnpq.br\/1187599583784902\" target=\"_blank\" rel=\"noreferrer noopener\">http:\/\/lattes.cnpq.br\/1187599583784902<\/a><br><strong> ********<\/strong><br>Prof. Dr. <strong>Luiz Augusto Macedo Mestre<\/strong><br>(v\u00ednculo UFPR \u2013 17\/02\/2011)<br>luiz.mestre@ufpr.br<br><a href=\"http:\/\/lattes.cnpq.br\/7032727245293131\" target=\"_blank\" rel=\"noreferrer noopener\">http:\/\/lattes.cnpq.br\/7032727245293131<\/a><br><strong> ********<\/strong><br>Prof. Dr.&nbsp;<strong>Paulo Henrique Carneiro Marques<\/strong><br>(v\u00ednculo UFPR \u2013 09\/03\/2006)<strong><br><\/strong>phcm@ufpr.br<br><a href=\"http:\/\/lattes.cnpq.br\/3531273665021703\" target=\"_blank\" rel=\"noreferrer noopener\">http:\/\/lattes.cnpq.br\/3531273665021703<\/a><br><strong> ********<\/strong><br>Prof. Dr.&nbsp;<strong>Valdir Frigo Denardin<\/strong><br>(v\u00ednculo UFPR \u2013 14\/03\/2006)<br>valdirfd@yahoo.com.br<br><a href=\"http:\/\/lattes.cnpq.br\/0290714285197089\" target=\"_blank\" rel=\"noreferrer noopener\">http:\/\/lattes.cnpq.br\/0290714285197089<\/a><\/td><\/tr><tr><td class=\"has-text-align-left\" data-align=\"left\">SL57<\/td><td class=\"has-text-align-left\" data-align=\"left\">INTERA\u00c7\u00d5ES CULTURAIS E HUMAN\u00cdSTICAS<\/td><td class=\"has-text-align-center\" data-align=\"center\">60<\/td><td class=\"has-text-align-center\" data-align=\"center\">&nbsp;<\/td><\/tr><\/tbody><\/table><\/figure>\n\n\n\n<h2 class=\"has-text-align-center has-background wp-block-heading\" style=\"background-color:#bee3fa\"><strong>7\u00ba PER\u00cdODO<\/strong><\/h2>\n\n\n\n<figure class=\"wp-block-table is-style-stripes\"><table><thead><tr><th class=\"has-text-align-left\" data-align=\"left\">c\u00f3digo<\/th><th class=\"has-text-align-left\" data-align=\"left\">m\u00f3dulo<\/th><th class=\"has-text-align-center\" data-align=\"center\">carga hor\u00e1ria<\/th><th class=\"has-text-align-center\" data-align=\"center\">docente<\/th><\/tr><\/thead><tbody><tr><td class=\"has-text-align-left\" data-align=\"left\">SLCA701<\/td><td class=\"has-text-align-left\" data-align=\"left\">AVALIA\u00c7\u00c3O DE IMPACTOS AMBIENTAIS<\/td><td class=\"has-text-align-center\" data-align=\"center\">60<\/td><td class=\"has-text-align-center\" data-align=\"center\">Profa. Dra. <strong>Juliana Quadros<\/strong><br>(v\u00ednculo UFPR \u2013 14\/03\/2011)<br>quadros.juliana@hotmail.com<br><a href=\"http:\/\/lattes.cnpq.br\/6808343383154097\" target=\"_blank\" rel=\"noreferrer noopener\">http:\/\/lattes.cnpq.br\/6808343383154097<\/a><\/td><\/tr><tr><td class=\"has-text-align-left\" data-align=\"left\">SLCA702<\/td><td class=\"has-text-align-left\" data-align=\"left\">AN\u00c1LISE INTEGRADA DE BACIAS HIDROGR\u00c1FICAS<\/td><td class=\"has-text-align-center\" data-align=\"center\">60<\/td><td class=\"has-text-align-center\" data-align=\"center\">Prof. Dr.&nbsp;<strong>Paulo Henrique Carneiro Marques<\/strong><br>(v\u00ednculo UFPR \u2013 09\/03\/2006)<strong><br><\/strong>phcm@ufpr.br<br><a href=\"http:\/\/lattes.cnpq.br\/3531273665021703\" target=\"_blank\" rel=\"noreferrer noopener\">http:\/\/lattes.cnpq.br\/3531273665021703<\/a><\/td><\/tr><tr><td class=\"has-text-align-left\" data-align=\"left\">SLCA703<\/td><td class=\"has-text-align-left\" data-align=\"left\">ECOLOGIA POL\u00cdTICA E JUSTI\u00c7A AMBIENTAL<\/td><td class=\"has-text-align-center\" data-align=\"center\">60<\/td><td class=\"has-text-align-center\" data-align=\"center\">&nbsp;<\/td><\/tr><tr><td class=\"has-text-align-left\" data-align=\"left\">SLCA704<\/td><td class=\"has-text-align-left\" data-align=\"left\">PROJETOS DE APRENDIZAGEM VII \u2013 TCCII<\/td><td class=\"has-text-align-center\" data-align=\"center\">60<\/td><td class=\"has-text-align-center\" data-align=\"center\">Profa. Dra. <strong>Andr\u00e9a Maximo Esp\u00ednola<\/strong><br>(v\u00ednculo UFPR \u2013 09\/03\/2006)<br>andreaespinola@yahoo.com<br><a href=\"http:\/\/lattes.cnpq.br\/9703410726901513\" target=\"_blank\" rel=\"noreferrer noopener\">http:\/\/lattes.cnpq.br\/9703410726901513<\/a><br><strong> ********<\/strong><br>Prof. Me.&nbsp;<strong>Antonio Lu\u00eds Serbena<br><\/strong>(v\u00ednculo UFPR \u2013 09\/03\/2006)<br>alserbena@gmail.com<br><a href=\"http:\/\/lattes.cnpq.br\/0603308636339497\" target=\"_blank\" rel=\"noreferrer noopener\">http:\/\/lattes.cnpq.br\/0603308636339497<\/a> <br><strong> ********<\/strong><br>Prof. Dr. <strong>Eduardo Harder<br><\/strong> (v\u00ednculo UFPR \u2013 04\/04\/2006)<br>eduardoharder@ufpr.br<br><a href=\"http:\/\/lattes.cnpq.br\/5728857684205160\" target=\"_blank\" rel=\"noreferrer noopener\">http:\/\/lattes.cnpq.br\/5728857684205160<\/a><br><strong> ********<\/strong> <br>Profa. Dra. <strong>Juliana Quadros<\/strong><br>(v\u00ednculo UFPR \u2013 14\/03\/2011)<br>quadros.juliana@hotmail.com<br><a href=\"http:\/\/lattes.cnpq.br\/6808343383154097\" target=\"_blank\" rel=\"noreferrer noopener\">http:\/\/lattes.cnpq.br\/6808343383154097<\/a><br><strong> ********<\/strong><br>Profa. Dra. <strong>Liliani Marilia Tiepolo<\/strong><br>(v\u00ednculo UFPR \u2013 09\/03\/2006)<br>liliani@ufpr.br<br><a href=\"http:\/\/lattes.cnpq.br\/1831402537219327\" target=\"_blank\" rel=\"noreferrer noopener\">http:\/\/lattes.cnpq.br\/1831402537219327<\/a><br><strong> ********<\/strong><br>Prof. Dr. <strong>Luciano Fernandes Huergo<\/strong><br>(v\u00ednculo UFPR \u2013 29\/02\/2008)<br>luciano.huergo@gmail.com<br><a href=\"http:\/\/lattes.cnpq.br\/1187599583784902\" target=\"_blank\" rel=\"noreferrer noopener\">http:\/\/lattes.cnpq.br\/1187599583784902<\/a><br><strong> ********<\/strong><br>Prof. Dr. <strong>Luiz Augusto Macedo Mestre<\/strong><br>(v\u00ednculo UFPR \u2013 17\/02\/2011)<br>luiz.mestre@ufpr.br<br><a href=\"http:\/\/lattes.cnpq.br\/7032727245293131\" target=\"_blank\" rel=\"noreferrer noopener\">http:\/\/lattes.cnpq.br\/7032727245293131<\/a><br><strong> ********<\/strong><br>Prof. Dr.&nbsp;<strong>Paulo Henrique Carneiro Marques<\/strong><br>(v\u00ednculo UFPR \u2013 09\/03\/2006)<strong><br><\/strong>phcm@ufpr.br<br><a href=\"http:\/\/lattes.cnpq.br\/3531273665021703\" target=\"_blank\" rel=\"noreferrer noopener\">http:\/\/lattes.cnpq.br\/3531273665021703<\/a><br><strong> ********<\/strong><br>Prof. Dr.&nbsp;<strong>Valdir Frigo Denardin<\/strong><br>(v\u00ednculo UFPR \u2013 14\/03\/2006)<br>valdirfd@yahoo.com.br<br><a href=\"http:\/\/lattes.cnpq.br\/0290714285197089\" target=\"_blank\" rel=\"noreferrer noopener\">http:\/\/lattes.cnpq.br\/0290714285197089<\/a><\/td><\/tr><tr><td class=\"has-text-align-left\" data-align=\"left\">SL58<\/td><td class=\"has-text-align-left\" data-align=\"left\">INTERA\u00c7\u00d5ES CULTURAIS E HUMAN\u00cdSTICAS<\/td><td class=\"has-text-align-center\" data-align=\"center\">60<\/td><td class=\"has-text-align-center\" data-align=\"center\">&nbsp;<\/td><\/tr><\/tbody><\/table><\/figure>\n\n\n\n<h2 class=\"has-text-align-center has-background wp-block-heading\" style=\"background-color:#bee3fa\"><strong>8\u00ba PER\u00cdODO<\/strong><\/h2>\n\n\n\n<figure class=\"wp-block-table is-style-stripes\"><table><thead><tr><th class=\"has-text-align-left\" data-align=\"left\">c\u00f3digo<\/th><th class=\"has-text-align-left\" data-align=\"left\">m\u00f3dulo<\/th><th class=\"has-text-align-center\" data-align=\"center\">carga hor\u00e1ria<\/th><th class=\"has-text-align-center\" data-align=\"center\">docente<\/th><\/tr><\/thead><tbody><tr><td class=\"has-text-align-left\" data-align=\"left\">SLCA801<\/td><td class=\"has-text-align-left\" data-align=\"left\">MANEJO DE \u00c1REAS PROTEGIDAS<\/td><td class=\"has-text-align-center\" data-align=\"center\">60<\/td><td class=\"has-text-align-center\" data-align=\"center\">Profa. Dra. <strong>Liliani Marilia Tiepolo<\/strong><br>(v\u00ednculo UFPR \u2013 09\/03\/2006)<br>liliani@ufpr.br<br><a href=\"http:\/\/lattes.cnpq.br\/1831402537219327\" target=\"_blank\" rel=\"noreferrer noopener\">http:\/\/lattes.cnpq.br\/1831402537219327<\/a><\/td><\/tr><tr><td class=\"has-text-align-left\" data-align=\"left\">SLCA802<\/td><td class=\"has-text-align-left\" data-align=\"left\">PROJETOS DE AN\u00c1LISE E MONITORAMENTO AMBIENTAL<\/td><td class=\"has-text-align-center\" data-align=\"center\">60<\/td><td class=\"has-text-align-center\" data-align=\"center\">Prof. Dr. <strong>Luciano Fernandes Huergo<\/strong><br>(v\u00ednculo UFPR \u2013 29\/02\/2008)<br>luciano.huergo@gmail.com<br><a href=\"http:\/\/lattes.cnpq.br\/1187599583784902\" target=\"_blank\" rel=\"noreferrer noopener\">http:\/\/lattes.cnpq.br\/1187599583784902<\/a><br><strong> ********<\/strong> <br>Prof. Dr.&nbsp;<strong>Paulo Henrique Carneiro Marques<\/strong><br>(v\u00ednculo UFPR \u2013 09\/03\/2006)<strong><br><\/strong>phcm@ufpr.br<br><a href=\"http:\/\/lattes.cnpq.br\/3531273665021703\" target=\"_blank\" rel=\"noreferrer noopener\">http:\/\/lattes.cnpq.br\/3531273665021703<\/a><\/td><\/tr><tr><td class=\"has-text-align-left\" data-align=\"left\">SLCA803<\/td><td class=\"has-text-align-left\" data-align=\"left\">ECODESENVOLVIMENTO E TERRIT\u00d3RIO<\/td><td class=\"has-text-align-center\" data-align=\"center\">60<\/td><td class=\"has-text-align-center\" data-align=\"center\">Prof. Dr.&nbsp;<strong>Valdir Frigo Denardin<\/strong><br>(v\u00ednculo UFPR \u2013 14\/03\/2006)<br>valdirfd@yahoo.com.br<br><a href=\"http:\/\/lattes.cnpq.br\/0290714285197089\" target=\"_blank\" rel=\"noreferrer noopener\">http:\/\/lattes.cnpq.br\/0290714285197089<\/a><\/td><\/tr><tr><td class=\"has-text-align-left\" data-align=\"left\">SLCA804<\/td><td class=\"has-text-align-left\" data-align=\"left\">PROJETOS DE APRENDIZAGEM VIII \u2013 TCCIII<\/td><td class=\"has-text-align-center\" data-align=\"center\">60<\/td><td class=\"has-text-align-center\" data-align=\"center\">Profa. Dra. <strong>Andr\u00e9a Maximo Esp\u00ednola<\/strong><br>(v\u00ednculo UFPR \u2013 09\/03\/2006)<br>andreaespinola@yahoo.com<br><a href=\"http:\/\/lattes.cnpq.br\/9703410726901513\" target=\"_blank\" rel=\"noreferrer noopener\">http:\/\/lattes.cnpq.br\/9703410726901513<\/a><br><strong> ********<\/strong><br>Prof. Me.&nbsp;<strong>Antonio Lu\u00eds Serbena<br><\/strong>(v\u00ednculo UFPR \u2013 09\/03\/2006)<br>alserbena@gmail.com<br><a href=\"http:\/\/lattes.cnpq.br\/0603308636339497\" target=\"_blank\" rel=\"noreferrer noopener\">http:\/\/lattes.cnpq.br\/0603308636339497<\/a> <br><strong> ********<\/strong><br>Prof. Dr. <strong>Eduardo Harder<br><\/strong> (v\u00ednculo UFPR \u2013 04\/04\/2006)<br>eduardoharder@ufpr.br<br><a href=\"http:\/\/lattes.cnpq.br\/5728857684205160\" target=\"_blank\" rel=\"noreferrer noopener\">http:\/\/lattes.cnpq.br\/5728857684205160<\/a><br><strong> ********<\/strong> <br>Profa. Dra. <strong>Juliana Quadros<\/strong><br>(v\u00ednculo UFPR \u2013 14\/03\/2011)<br>quadros.juliana@hotmail.com<br><a href=\"http:\/\/lattes.cnpq.br\/6808343383154097\" target=\"_blank\" rel=\"noreferrer noopener\">http:\/\/lattes.cnpq.br\/6808343383154097<\/a><br><strong> ********<\/strong><br>Profa. Dra. <strong>Liliani Marilia Tiepolo<\/strong><br>(v\u00ednculo UFPR \u2013 09\/03\/2006)<br>liliani@ufpr.br<br><a href=\"http:\/\/lattes.cnpq.br\/1831402537219327\" target=\"_blank\" rel=\"noreferrer noopener\">http:\/\/lattes.cnpq.br\/1831402537219327<\/a><br><strong> ********<\/strong><br>Prof. Dr. <strong>Luciano Fernandes Huergo<\/strong><br>(v\u00ednculo UFPR \u2013 29\/02\/2008)<br>luciano.huergo@gmail.com<br><a href=\"http:\/\/lattes.cnpq.br\/1187599583784902\" target=\"_blank\" rel=\"noreferrer noopener\">http:\/\/lattes.cnpq.br\/1187599583784902<\/a><br><strong> ********<\/strong><br>Prof. Dr. <strong>Luiz Augusto Macedo Mestre<\/strong><br>(v\u00ednculo UFPR \u2013 17\/02\/2011)<br>luiz.mestre@ufpr.br<br><a href=\"http:\/\/lattes.cnpq.br\/7032727245293131\" target=\"_blank\" rel=\"noreferrer noopener\">http:\/\/lattes.cnpq.br\/7032727245293131<\/a><br><strong> ********<\/strong><br>Prof. Dr.&nbsp;<strong>Paulo Henrique Carneiro Marques<\/strong><br>(v\u00ednculo UFPR \u2013 09\/03\/2006)<strong><br><\/strong>phcm@ufpr.br<br><a href=\"http:\/\/lattes.cnpq.br\/3531273665021703\" target=\"_blank\" rel=\"noreferrer noopener\">http:\/\/lattes.cnpq.br\/3531273665021703<\/a><br><strong> ********<\/strong><br>Prof. Dr.&nbsp;<strong>Valdir Frigo Denardin<\/strong><br>(v\u00ednculo UFPR \u2013 14\/03\/2006)<br>valdirfd@yahoo.com.br<br><a href=\"http:\/\/lattes.cnpq.br\/0290714285197089\" target=\"_blank\" rel=\"noreferrer noopener\">http:\/\/lattes.cnpq.br\/0290714285197089<\/a><\/td><\/tr><tr><td class=\"has-text-align-left\" data-align=\"left\">SL59<\/td><td class=\"has-text-align-left\" data-align=\"left\">INTERA\u00c7\u00d5ES CULTURAIS E HUMAN\u00cdSTICAS<\/td><td class=\"has-text-align-center\" data-align=\"center\">60<\/td><td class=\"has-text-align-center\" data-align=\"center\">&nbsp;<\/td><\/tr><\/tbody><\/table><\/figure>\n","protected":false},"excerpt":{"rendered":"<p>CURR\u00cdCULO 1\u00ba PER\u00cdODO c\u00f3digo m\u00f3dulo carga hor\u00e1ria docente SLCA101 HIST\u00d3RIA AMBIENTAL 60 Prof. Me.\u00a0Antonio Lu\u00eds Serbenaalserbena@gmail.comhttp:\/\/lattes.cnpq.br\/0603308636339497 SLCA102 ECOLOGIA DA PAISAGEM 60 Prof. Dr.&nbsp;Paulo Henrique Carneiro Marques(v\u00ednculo UFPR \u2013 09\/03\/2006)phcm@ufpr.brhttp:\/\/lattes.cnpq.br\/3531273665021703 SLCA103 G\u00caNESE E TRANSFORMA\u00c7\u00c3O TERRITORIAL 60 Prof. Dr.&nbsp;Luiz Fernando de Carli Lautert(v\u00ednculo UFPR \u2013 29\/01\/2007)luizlautert@ufpr.brhttp:\/\/lattes.cnpq.br\/1124000795676509 SLCA104 PROJETOS DE APRENDIZAGEM I 60 Prof. Dr.&nbsp;Valdir Frigo Denardin(v\u00ednculo UFPR [&hellip;]<\/p>\n","protected":false},"author":12,"featured_media":0,"parent":0,"menu_order":0,"comment_status":"closed","ping_status":"closed","template":"","meta":{"_acf_changed":false,"footnotes":""},"class_list":["post-2453","page","type-page","status-publish","hentry"],"acf":[],"_links":{"self":[{"href":"https:\/\/litoral.ufpr.br\/ambientais\/wp-json\/wp\/v2\/pages\/2453","targetHints":{"allow":["GET"]}}],"collection":[{"href":"https:\/\/litoral.ufpr.br\/ambientais\/wp-json\/wp\/v2\/pages"}],"about":[{"href":"https:\/\/litoral.ufpr.br\/ambientais\/wp-json\/wp\/v2\/types\/page"}],"author":[{"embeddable":true,"href":"https:\/\/litoral.ufpr.br\/ambientais\/wp-json\/wp\/v2\/users\/12"}],"replies":[{"embeddable":true,"href":"https:\/\/litoral.ufpr.br\/ambientais\/wp-json\/wp\/v2\/comments?post=2453"}],"version-history":[{"count":3,"href":"https:\/\/litoral.ufpr.br\/ambientais\/wp-json\/wp\/v2\/pages\/2453\/revisions"}],"predecessor-version":[{"id":2467,"href":"https:\/\/litoral.ufpr.br\/ambientais\/wp-json\/wp\/v2\/pages\/2453\/revisions\/2467"}],"wp:attachment":[{"href":"https:\/\/litoral.ufpr.br\/ambientais\/wp-json\/wp\/v2\/media?parent=2453"}],"curies":[{"name":"wp","href":"https:\/\/api.w.org\/{rel}","templated":true}]}}