{"id":2434,"date":"2024-10-01T09:05:00","date_gmt":"2024-10-01T12:05:00","guid":{"rendered":"https:\/\/litoral.ufpr.br\/ambientais\/?page_id=2434"},"modified":"2025-10-14T10:59:49","modified_gmt":"2025-10-14T13:59:49","slug":"documentos-e-editais","status":"publish","type":"page","link":"https:\/\/litoral.ufpr.br\/ambientais\/documentos-e-editais\/","title":{"rendered":"Documentos e Editais"},"content":{"rendered":"\n<p><a href=\"https:\/\/litoral.ufpr.br\/ambientais\/wp-content\/uploads\/sites\/12\/2025\/10\/Edital-ATIVIDADES-FORMATIVAS-2025_2.pdf\" data-type=\"URL\" data-id=\"https:\/\/litoral.ufpr.br\/ambientais\/wp-content\/uploads\/sites\/12\/2025\/10\/Edital-ATIVIDADES-FORMATIVAS-2025_2.pdf\" target=\"_blank\" rel=\"noreferrer noopener\">Edital Atividades formativas complementares 2025\/2 &#8211; Ci\u00eancias Ambientais<\/a><\/p>\n\n\n\n<ul class=\"wp-block-list\"><li><a rel=\"noreferrer noopener\" href=\"https:\/\/litoral.ufpr.br\/ambientais\/wp-content\/uploads\/sites\/12\/2025\/10\/SEI_8269443_Edital_08.pdf\" data-type=\"URL\" data-id=\"https:\/\/litoral.ufpr.br\/ambientais\/wp-content\/uploads\/sites\/12\/2025\/10\/SEI_8269443_Edital_08.pdf\" target=\"_blank\">Instru\u00e7\u00f5es para o envio da documenta\u00e7\u00e3o<\/a><\/li><li>Formul\u00e1rio &#8211; atividades formativas (<a href=\"https:\/\/litoral.ufpr.br\/ambientais\/wp-content\/uploads\/sites\/12\/2025\/10\/Formulario-Atividade-formativas-Complememtares-curriculo2018.pdf\" data-type=\"URL\" data-id=\"https:\/\/litoral.ufpr.br\/ambientais\/wp-content\/uploads\/sites\/12\/2025\/10\/Formulario-Atividade-formativas-Complememtares-curriculo2018.pdf\" target=\"_blank\" rel=\"noreferrer noopener\">PDF<\/a>) (<a rel=\"noreferrer noopener\" href=\"https:\/\/litoral.ufpr.br\/ambientais\/wp-content\/uploads\/sites\/12\/2025\/10\/Formulario-HORAS-COMPLEMENTARES-curriculo2018.docx\" data-type=\"URL\" data-id=\"https:\/\/litoral.ufpr.br\/ambientais\/wp-content\/uploads\/sites\/12\/2025\/10\/Formulario-HORAS-COMPLEMENTARES-curriculo2018.docx\" target=\"_blank\">.docx<\/a>)<\/li><\/ul>\n\n\n\n<p><a rel=\"noreferrer noopener\" href=\"https:\/\/litoral.ufpr.br\/ambientais\/wp-content\/uploads\/sites\/12\/2025\/06\/Edital-ATIVIDADES-FORMATIVAS-2025_1.pdf\" target=\"_blank\">Edital Atividades formativas complementares 2025\/1 &#8211; Ci\u00eancias Ambientais<\/a><\/p>\n\n\n\n<ul class=\"wp-block-list\"><li><a href=\"https:\/\/litoral.ufpr.br\/ambientais\/wp-content\/uploads\/sites\/12\/2025\/06\/SEI_7850602_Edital_01_2025.pdf\" data-type=\"URL\" data-id=\"https:\/\/litoral.ufpr.br\/ambientais\/wp-content\/uploads\/sites\/12\/2025\/06\/SEI_7850602_Edital_01_2025.pdf\" target=\"_blank\" rel=\"noreferrer noopener\">Instru\u00e7\u00f5es para o envio da documenta\u00e7\u00e3o<\/a><\/li><li><a rel=\"noreferrer noopener\" href=\"https:\/\/litoral.ufpr.br\/ambientais\/wp-content\/uploads\/sites\/12\/2025\/06\/Formulario-HORAS-COMPLEMENTARES.docx\" data-type=\"URL\" data-id=\"https:\/\/litoral.ufpr.br\/ambientais\/wp-content\/uploads\/sites\/12\/2025\/06\/Formulario-HORAS-COMPLEMENTARES.docx\" target=\"_blank\">Formul\u00e1rio &#8211; atividades formativas<\/a><\/li><\/ul>\n\n\n\n<p><a rel=\"noreferrer noopener\" href=\"https:\/\/litoral.ufpr.br\/ambientais\/wp-content\/uploads\/sites\/12\/2024\/10\/Edital2-ATIVIDADES-FORMATIVAS-2024-2.pdf\" data-type=\"URL\" data-id=\"https:\/\/litoral.ufpr.br\/ambientais\/wp-content\/uploads\/sites\/12\/2024\/10\/Edital2-ATIVIDADES-FORMATIVAS-2024-2.pdf\" target=\"_blank\">Edital atividades formativas complementares ci\u00eancias ambientais 2024\/2<\/a><\/p>\n\n\n\n<ul class=\"wp-block-list\"><li><a href=\"https:\/\/litoral.ufpr.br\/ambientais\/wp-content\/uploads\/sites\/12\/2024\/10\/SEI_7109739_Edital_02_2024.pdf\" data-type=\"URL\" data-id=\"https:\/\/litoral.ufpr.br\/ambientais\/wp-content\/uploads\/sites\/12\/2024\/10\/SEI_7109739_Edital_02_2024.pdf\" target=\"_blank\" rel=\"noreferrer noopener\">Instru\u00e7\u00f5es para o envio da documenta\u00e7\u00e3o<\/a><\/li><li><a href=\"https:\/\/litoral.ufpr.br\/ambientais\/wp-content\/uploads\/sites\/12\/2024\/07\/Formulario-2024-ATIVIDADES-FORMATIVAS-HORAS-COMPLEMENTARES.pdf\" data-type=\"URL\" data-id=\"https:\/\/litoral.ufpr.br\/ambientais\/wp-content\/uploads\/sites\/12\/2024\/07\/Formulario-2024-ATIVIDADES-FORMATIVAS-HORAS-COMPLEMENTARES.pdf\" target=\"_blank\" rel=\"noreferrer noopener\">Formul\u00e1rio &#8211; atividades formativas<\/a><\/li><\/ul>\n\n\n\n<p><a href=\"https:\/\/litoral.ufpr.br\/ambientais\/wp-content\/uploads\/sites\/12\/2024\/07\/Edital-ATIVIDADES-FORMATIVAS-2024.pdf\" data-type=\"URL\" data-id=\"https:\/\/litoral.ufpr.br\/ambientais\/wp-content\/uploads\/sites\/12\/2024\/07\/Edital-ATIVIDADES-FORMATIVAS-2024.pdf\" target=\"_blank\" rel=\"noreferrer noopener\">EDITAL ATIVIDADES FORMATIVAS COMPLEMENTARES CI\u00caNCIAS AMBIENTAIS 2024\/1<\/a><\/p>\n\n\n\n<ul class=\"wp-block-list\"><li><a href=\"https:\/\/litoral.ufpr.br\/ambientais\/wp-content\/uploads\/sites\/12\/2024\/07\/SEI_6850179_Edital_01_2024-1.pdf\" data-type=\"URL\" data-id=\"https:\/\/litoral.ufpr.br\/ambientais\/wp-content\/uploads\/sites\/12\/2024\/07\/SEI_6850179_Edital_01_2024-1.pdf\" target=\"_blank\" rel=\"noreferrer noopener\">Instru\u00e7\u00f5es para envio da documenta\u00e7\u00e3o<\/a><\/li><li><a rel=\"noreferrer noopener\" href=\"https:\/\/litoral.ufpr.br\/ambientais\/wp-content\/uploads\/sites\/12\/2024\/07\/Formulario-2024-ATIVIDADES-FORMATIVAS-HORAS-COMPLEMENTARES.pdf\" data-type=\"URL\" data-id=\"https:\/\/litoral.ufpr.br\/ambientais\/wp-content\/uploads\/sites\/12\/2024\/07\/Formulario-2024-ATIVIDADES-FORMATIVAS-HORAS-COMPLEMENTARES.pdf\" target=\"_blank\">Formul\u00e1rio 2024 &#8211; atividades formativas<\/a><\/li><\/ul>\n\n\n\n<p><a href=\"https:\/\/litoral.ufpr.br\/ambientais\/wp-content\/uploads\/sites\/12\/2023\/05\/Edital-Atividades-Formativas-Complementares-CA-2023-1-1.pdf\" data-type=\"URL\" data-id=\"https:\/\/litoral.ufpr.br\/ambientais\/wp-content\/uploads\/sites\/12\/2023\/05\/Edital-Atividades-Formativas-Complementares-CA-2023-1-1.pdf\">EDITAL PARA ATIVIDADES FORMATIVAS COMPLEMENTARES CI\u00caNCIAS AMBIENTAIS 2023\/1<\/a><\/p>\n\n\n\n<p><a href=\"https:\/\/litoral.ufpr.br\/ambientais\/wp-content\/uploads\/sites\/12\/2023\/05\/Edital-Atividades-Formativas-Complementares-CA-2023-1-1.pdf\" data-type=\"URL\" data-id=\"https:\/\/litoral.ufpr.br\/ambientais\/wp-content\/uploads\/sites\/12\/2023\/05\/Edital-Atividades-Formativas-Complementares-CA-2023-1-1.pdf\">Ci\u00eancias Ambientais<\/a><\/p>\n\n\n\n<p><a href=\"https:\/\/litoral.ufpr.br\/ambientais\/wp-content\/uploads\/sites\/12\/2023\/05\/Edital-Atividades-Formativas-Complementares-GA-2023-1-2.pdf\" data-type=\"URL\" data-id=\"https:\/\/litoral.ufpr.br\/ambientais\/wp-content\/uploads\/sites\/12\/2023\/05\/Edital-Atividades-Formativas-Complementares-GA-2023-1-2.pdf\">Gest\u00e3o Ambiental<\/a><\/p>\n\n\n\n<div class=\"wp-block-file\"><a id=\"wp-block-file--media-117e8f82-784f-4242-b327-a00bc2008ee4\" href=\"https:\/\/litoral.ufpr.br\/ambientais\/wp-content\/uploads\/sites\/12\/2023\/04\/EDITAL-DE-SELECAO-ALUNX-EXTENSAO-2023.pdf\">EDITAL DE SELE\u00c7\u00c3O PARA PROJETO DE EXTENS\u00c3O P\u00c1GINAS DA BIODIVERSIDADE 2023<\/a><a href=\"https:\/\/litoral.ufpr.br\/ambientais\/wp-content\/uploads\/sites\/12\/2023\/04\/EDITAL-DE-SELECAO-ALUNX-EXTENSAO-2023.pdf\" class=\"wp-block-file__button\" download aria-describedby=\"wp-block-file--media-117e8f82-784f-4242-b327-a00bc2008ee4\">Baixar<\/a><\/div>\n\n\n\n<div class=\"wp-block-cover is-light\" style=\"min-height:50px;aspect-ratio:unset;\"><span aria-hidden=\"true\" class=\"wp-block-cover__background has-white-background-color has-background-dim-0 has-background-dim\"><\/span><div class=\"wp-block-cover__inner-container is-layout-flow wp-block-cover-is-layout-flow\">\n<div class=\"wp-block-columns is-layout-flex wp-container-core-columns-is-layout-9d6595d7 wp-block-columns-is-layout-flex\">\n<div class=\"wp-block-column is-layout-flow wp-block-column-is-layout-flow\" style=\"flex-basis:100%\">\n<div class=\"wp-block-group\"><div class=\"wp-block-group__inner-container is-layout-flow wp-block-group-is-layout-flow\">\n<div class=\"wp-block-file\"><a id=\"wp-block-file--media-d3759816-902d-48a9-bf86-09a204526513\" href=\"https:\/\/litoral.ufpr.br\/ambientais\/wp-content\/uploads\/sites\/12\/2023\/01\/Edital-2-2022-HORAS-COMPLEMENTARES-GA.pdf\"><strong>EDITAL 2\/2022 &#8211; ATIVIDADES FORMATIVAS COMPLEMENTARES (SEMESTRE 2022-02)<\/strong> GA<\/a><a href=\"https:\/\/litoral.ufpr.br\/ambientais\/wp-content\/uploads\/sites\/12\/2023\/01\/Edital-2-2022-HORAS-COMPLEMENTARES-GA.pdf\" class=\"wp-block-file__button\" download aria-describedby=\"wp-block-file--media-d3759816-902d-48a9-bf86-09a204526513\">Baixar<\/a><\/div>\n<\/div><\/div>\n<\/div>\n<\/div>\n<\/div><\/div>\n\n\n<div class=\"wp-block-file\">Edital-TCC-2022<a class=\"wp-block-file__button\" href=\"https:\/\/litoral.ufpr.br\/ambientais\/wp-content\/uploads\/sites\/12\/2022\/09\/Edital-TCC-2022-1.pdf\" data-wplink-edit=\"true\">Baixar<\/a><\/div>","protected":false},"excerpt":{"rendered":"<p>Edital Atividades formativas complementares 2025\/2 &#8211; Ci\u00eancias Ambientais Instru\u00e7\u00f5es para o envio da documenta\u00e7\u00e3o Formul\u00e1rio &#8211; atividades formativas (PDF) (.docx) Edital Atividades formativas complementares 2025\/1 &#8211; Ci\u00eancias Ambientais Instru\u00e7\u00f5es para o envio da documenta\u00e7\u00e3o Formul\u00e1rio &#8211; atividades formativas Edital atividades formativas complementares ci\u00eancias ambientais 2024\/2 Instru\u00e7\u00f5es para o envio da documenta\u00e7\u00e3o Formul\u00e1rio &#8211; atividades formativas [&hellip;]<\/p>\n","protected":false},"author":1656,"featured_media":0,"parent":0,"menu_order":0,"comment_status":"closed","ping_status":"closed","template":"","meta":{"_acf_changed":false,"footnotes":""},"class_list":["post-2434","page","type-page","status-publish","hentry"],"acf":[],"_links":{"self":[{"href":"https:\/\/litoral.ufpr.br\/ambientais\/wp-json\/wp\/v2\/pages\/2434","targetHints":{"allow":["GET"]}}],"collection":[{"href":"https:\/\/litoral.ufpr.br\/ambientais\/wp-json\/wp\/v2\/pages"}],"about":[{"href":"https:\/\/litoral.ufpr.br\/ambientais\/wp-json\/wp\/v2\/types\/page"}],"author":[{"embeddable":true,"href":"https:\/\/litoral.ufpr.br\/ambientais\/wp-json\/wp\/v2\/users\/1656"}],"replies":[{"embeddable":true,"href":"https:\/\/litoral.ufpr.br\/ambientais\/wp-json\/wp\/v2\/comments?post=2434"}],"version-history":[{"count":20,"href":"https:\/\/litoral.ufpr.br\/ambientais\/wp-json\/wp\/v2\/pages\/2434\/revisions"}],"predecessor-version":[{"id":3555,"href":"https:\/\/litoral.ufpr.br\/ambientais\/wp-json\/wp\/v2\/pages\/2434\/revisions\/3555"}],"wp:attachment":[{"href":"https:\/\/litoral.ufpr.br\/ambientais\/wp-json\/wp\/v2\/media?parent=2434"}],"curies":[{"name":"wp","href":"https:\/\/api.w.org\/{rel}","templated":true}]}}