{"id":2109,"date":"2022-06-09T19:42:10","date_gmt":"2022-06-09T22:42:10","guid":{"rendered":"https:\/\/litoral.ufpr.br\/ambientais\/?page_id=2109"},"modified":"2025-09-29T15:04:14","modified_gmt":"2025-09-29T18:04:14","slug":"labornito","status":"publish","type":"page","link":"https:\/\/litoral.ufpr.br\/ambientais\/labornito\/","title":{"rendered":"LabOrnito"},"content":{"rendered":"\n<p class=\"has-drop-cap\" style=\"font-size:33px\"><img loading=\"lazy\" decoding=\"async\" width=\"572\" height=\"450\" class=\"wp-image-2268\" style=\"width: 150px\" src=\"https:\/\/litoral.ufpr.br\/ambientais\/wp-content\/uploads\/sites\/12\/2022\/06\/Turdus_PolackOtnihologia2.png\" alt=\"\" srcset=\"https:\/\/litoral.ufpr.br\/ambientais\/wp-content\/uploads\/sites\/12\/2022\/06\/Turdus_PolackOtnihologia2.png 572w, https:\/\/litoral.ufpr.br\/ambientais\/wp-content\/uploads\/sites\/12\/2022\/06\/Turdus_PolackOtnihologia2-300x236.png 300w\" sizes=\"auto, (max-width: 572px) 100vw, 572px\" \/><strong>Laborat\u00f3rio de Ornitologia &#8211; UFPR Litoral<\/strong><\/p>\n\n\n\n<p><\/p>\n\n\n\n<p class=\"has-medium-font-size\"><strong>O Laborat\u00f3rio de Ornitologia visa promover a\u00e7\u00f5es de pesquisa, conserva\u00e7\u00e3o e educa\u00e7\u00e3o sobre aves no Litoral do Estado do Paran\u00e1, contribuindo para a conserva\u00e7\u00e3o das aves, conserva\u00e7\u00e3o da natureza e gera\u00e7\u00e3o de conhecimento de relev\u00e2ncia local e regional.<\/strong><\/p>\n\n\n<div class=\"wp-block-image is-style-rounded\">\n<figure class=\"aligncenter size-large is-resized\"><img loading=\"lazy\" decoding=\"async\" src=\"https:\/\/litoral.ufpr.br\/ambientais\/wp-content\/uploads\/sites\/12\/2022\/06\/DSC_1741mocho1-731x1024.jpg\" alt=\"Asio stygius\" class=\"wp-image-2130\" width=\"366\" height=\"512\" srcset=\"https:\/\/litoral.ufpr.br\/ambientais\/wp-content\/uploads\/sites\/12\/2022\/06\/DSC_1741mocho1-731x1024.jpg 731w, https:\/\/litoral.ufpr.br\/ambientais\/wp-content\/uploads\/sites\/12\/2022\/06\/DSC_1741mocho1-214x300.jpg 214w, https:\/\/litoral.ufpr.br\/ambientais\/wp-content\/uploads\/sites\/12\/2022\/06\/DSC_1741mocho1-768x1076.jpg 768w, https:\/\/litoral.ufpr.br\/ambientais\/wp-content\/uploads\/sites\/12\/2022\/06\/DSC_1741mocho1-1096x1536.jpg 1096w, https:\/\/litoral.ufpr.br\/ambientais\/wp-content\/uploads\/sites\/12\/2022\/06\/DSC_1741mocho1-1462x2048.jpg 1462w, https:\/\/litoral.ufpr.br\/ambientais\/wp-content\/uploads\/sites\/12\/2022\/06\/DSC_1741mocho1-scaled.jpg 1827w\" sizes=\"auto, (max-width: 366px) 100vw, 366px\" \/><figcaption>Mocho diabo fotografado no campus da UFPR Litoral, um dos focos de pesquisa do LabOrnito. <\/figcaption><\/figure><\/div>\n\n\n<p class=\"has-medium-font-size\">O Laborat\u00f3rio de Ornitologia da UFPR Litoral teve suas atividades iniciadas em 2015. O LabOrnito tem como foco de pesquisa as Aves e suas rela\u00e7\u00f5es com os ambientes presentes no Litoral Paranaense. Estudos foram desenvolvidos no Parque Nacional Saint-Hilaire \/ Lange e atualmente no Parque Estadual Rio da On\u00e7a. Al\u00e9m disso, estudos direcionados as rela\u00e7\u00f5es humanas com as Aves, focados na \u00e1rea de EtnoOrnitologia, foram realizados na comunidade do Cabaraquara, em Guaraque\u00e7aba e na Ilha do Mel. Em nosso primeiro projeto de extens\u00e3o  foi desenvolvido o Grupo Emilie-Snethlage trabalhando com Ilustra\u00e7\u00e3o cient\u00edfica e cria\u00e7\u00e3o de materiais did\u00e1ticos sobre Papagaios.  Atualmente, o Laborat\u00f3rio expande seus limites com o projeto de extens\u00e3o P\u00e1ginas da Biodiversidade, com intuito em informar e instigar os visitantes de unidades de conserva\u00e7\u00e3o e outras institui\u00e7\u00f5es sobre animais e plantas da regi\u00e3o. <\/p>\n\n\n\n<figure class=\"wp-block-image size-full is-resized\"><img loading=\"lazy\" decoding=\"async\" src=\"https:\/\/litoral.ufpr.br\/ambientais\/wp-content\/uploads\/sites\/12\/2022\/07\/WhatsApp-Image-2022-07-02-at-14.37.02.jpeg\" alt=\"\" class=\"wp-image-2316\" width=\"386\" height=\"503\" srcset=\"https:\/\/litoral.ufpr.br\/ambientais\/wp-content\/uploads\/sites\/12\/2022\/07\/WhatsApp-Image-2022-07-02-at-14.37.02.jpeg 771w, https:\/\/litoral.ufpr.br\/ambientais\/wp-content\/uploads\/sites\/12\/2022\/07\/WhatsApp-Image-2022-07-02-at-14.37.02-230x300.jpeg 230w, https:\/\/litoral.ufpr.br\/ambientais\/wp-content\/uploads\/sites\/12\/2022\/07\/WhatsApp-Image-2022-07-02-at-14.37.02-768x1001.jpeg 768w\" sizes=\"auto, (max-width: 386px) 100vw, 386px\" \/><\/figure>\n\n\n\n<p class=\"has-medium-font-size\"><strong>EQUIPE<\/strong><\/p>\n\n\n\n<p><strong>Pequisadores<\/strong>:<\/p>\n\n\n\n<p>Luiz Augusto Macedo Mestre<\/p>\n\n\n\n<p>Juliana Rechetelo<\/p>\n\n\n\n<p>Ant\u00f4nio Serbena<\/p>\n\n\n\n<p>Diomar Quadros<\/p>\n\n\n\n<p><strong>Alun@s atuais<\/strong>: <\/p>\n\n\n\n<p>Maria Izabella Cordeiro (Mestrado PPGDTS)<\/p>\n\n\n\n<p>Ana Luiza Guerra (Bolsista Extens\u00e3o)<\/p>\n\n\n\n<p>Ana Clara Laurindo (Bolsista Inicia\u00e7\u00e3o Cient\u00edfica)<\/p>\n\n\n\n<p>Ruan Komarscheski <\/p>\n\n\n\n<p><\/p>\n\n\n\n<p><strong>Alun@s Mestrado (anteriores)<\/strong>:<\/p>\n\n\n\n<p>Ceclia Licari\u00e3o<\/p>\n\n\n\n<p>Maria Carolina Beiriz<\/p>\n\n\n\n<p>Randson Modesto<\/p>\n\n\n\n<p>F\u00e1bio Nunes<\/p>\n\n\n\n<p>Bruno Carvalho<\/p>\n\n\n\n<p>Pricila Karen Ribeiro<\/p>\n\n\n\n<p><strong>Alun@s Gradua\u00e7\u00e3o (<strong>anteriores<\/strong>)<\/strong>: <\/p>\n\n\n\n<p>Sarah Barnab\u00e9 (Mapeando os ninhos de fregatas no mundo) <\/p>\n\n\n\n<p>Aline Costa (Multi crit\u00e9rios para sugerir \u00e1reas de import\u00e2ncia para esp\u00e9cies amea\u00e7adas de aves)<\/p>\n\n\n\n<p>Brena Amanda Santos (Dieta da coruja mocho-diabo em Matinhos)<\/p>\n\n\n\n<p>Danila Veluza (Comportamento forrageio de gar\u00e7as em Paranagu\u00e1)<\/p>\n\n\n\n<p>Jo\u00e3o Boni (Aves e as aroeiras ; Aves do PM do Tabuleiro, Matinhos)<\/p>\n\n\n\n<p>Heitor Orsi (Corujas Buraqueiras Pontal do Sul)<\/p>\n\n\n\n<p>Adriele Lima (Etnoornitologia Cabaraquara)<\/p>\n\n\n\n<p>Alice Moreira (TCC Aves migrat\u00f3rias do litoral do Paran\u00e1)<\/p>\n\n\n\n<p>Celina Padilha (Ecologia comportamental de siriris e bentevis)<\/p>\n\n\n\n<p>Hacheley Franco (Etnoornitologia no Rio Poruquara &#8211; Guaraque\u00e7aba)<\/p>\n\n\n\n<p>Aline Messias (Papagaios como ferramentas de Educa\u00e7\u00e3o ambiental)<\/p>\n\n\n\n<p>Kathllen Mickus (TCC Mapeando a Ilha do Mel)<\/p>\n\n\n\n<p>Rog\u00e9rio Pal\u00e1cio (TCC \u00c1reas verdes de Matinhos)<\/p>\n\n\n\n<p>Isabel Lindstron (Etnoornitologia Turistas e Moradores da Ilha do Mel &#8211; Paranagu\u00e1)<\/p>\n\n\n\n<p>Giorgia Azeredo (TCC Licenciatura em Artes &#8211;  Ilustra\u00e7\u00f5es de aves)<\/p>\n\n\n\n<p>Silvana Pampuch (Ilustra\u00e7\u00f5es Aves)<\/p>\n\n\n\n<p class=\"has-text-align-center has-medium-font-size\"><strong>PUBLICA\u00c7\u00d5ES DO LABORNITO DESDE 2015<\/strong><\/p>\n\n\n\n<p><a rel=\"noreferrer noopener\" href=\"https:\/\/periodicos.pucminas.br\/geografia\/article\/view\/32900\" data-type=\"URL\" data-id=\"https:\/\/periodicos.pucminas.br\/geografia\/article\/view\/32900\" target=\"_blank\">Modelagem dos corredores ecol\u00f3gicos entre Unidades de Conserva\u00e7\u00e3o Federais no Paran\u00e1 Central: Uma abordagem multicrit\u00e9rios. CADERNO DE GEOGRAFIA, v. 35, p. 84, 2025.<\/a><\/p>\n\n\n\n<p><a href=\"https:\/\/periodicoscientificos.ufmt.br\/ojs\/index.php\/nativa\/article\/view\/16898\" data-type=\"URL\" data-id=\"https:\/\/periodicoscientificos.ufmt.br\/ojs\/index.php\/nativa\/article\/view\/16898\">RIBEIRO SOARES, PRISCILA KAREN ; Rechetelo, Juliana ; VOGEL, HUILQUER FRANCISCO ; <strong>Macedo Mestre, Luiz Augusto<\/strong> . Habitat features predicting the abundance of Thrushes (turdus spp.) in urban and forested restinga sites in Paran\u00e1, Brazil. NATIVA, v. 12, p. 124-132, 2024.<\/a><\/p>\n\n\n\n<p><a href=\"https:\/\/periodicos.uepa.br\/index.php\/cocar\/article\/view\/9134\" data-type=\"URL\" data-id=\"https:\/\/periodicos.uepa.br\/index.php\/cocar\/article\/view\/9134\">LEAL, I. S. ; <strong>Macedo Mestre, Luiz Augusto<\/strong> . P\u00e1ginas da Biodiversidade: QRCodes como Tecnologias de Educa\u00e7\u00e3o Ambiental Informal. REVISTA COCAR (ONLINE), v. 21, p. 1-15, 2024.<\/a><\/p>\n\n\n\n<p><a rel=\"noreferrer noopener\" href=\"https:\/\/www.researchgate.net\/publication\/370461084_Avifauna_of_Sao_Camilo_State_Park_the_importance_of_this_semideciduous_seasonal_forest_fragment_for_bird_conservation\" data-type=\"URL\" data-id=\"https:\/\/www.researchgate.net\/publication\/370461084_Avifauna_of_Sao_Camilo_State_Park_the_importance_of_this_semideciduous_seasonal_forest_fragment_for_bird_conservation\" target=\"_blank\">Avifauna_of_Sao_Camilo_State_Park_the_importance_of_this_semideciduous_seasonal_forest_fragment_for_bird_conservation. 2023.<\/a><\/p>\n\n\n\n<p><a rel=\"noreferrer noopener\" href=\"https:\/\/revistas.ufpr.br\/guaju\/article\/view\/87929\" data-type=\"URL\" data-id=\"https:\/\/revistas.ufpr.br\/guaju\/article\/view\/87929\" target=\"_blank\">MICKUS, KATHLLEN ; <strong>MESTRE, Luiz Augusto Macedo<\/strong> ; Rechetelo, Juliana . Estudo bibliom\u00e9trico da Ilha do Mel, Paran\u00e1, Brasil. GUAJU<\/a><a href=\"https:\/\/revistas.ufpr.br\/guaju\/article\/view\/87929\" data-type=\"URL\" data-id=\"https:\/\/revistas.ufpr.br\/guaju\/article\/view\/87929\" target=\"_blank\" rel=\"noreferrer noopener\">.<\/a><a rel=\"noreferrer noopener\" href=\"https:\/\/revistas.ufpr.br\/guaju\/article\/view\/87929\" data-type=\"URL\" data-id=\"https:\/\/revistas.ufpr.br\/guaju\/article\/view\/87929\" target=\"_blank\"> REVISTA BRASILEIRA DE DESENVOLVIMENTO TERRITORIAL SUSTENT\u00c1VEL, v. 9, p. 66-81, 2023.<\/a><\/p>\n\n\n\n<p><a href=\"https:\/\/revistaetnobiologia.mx\/index.php\/etno\/article\/view\/452\" data-type=\"URL\" data-id=\"https:\/\/revistaetnobiologia.mx\/index.php\/etno\/article\/view\/452\">Estudo etnoornitol\u00f3gico na comunidade do Cabaraquara, Guaratuba, litoral do Paran\u00e1, Brasil. REVISTA ETNOBIOLOG\u00cdA, v. 20, p. 4-19, 2022<\/a><\/p>\n\n\n\n<p><a rel=\"noreferrer noopener\" href=\"https:\/\/revistaeletronica.icmbio.gov.br\/cepsul\/article\/view\/1427\" data-type=\"URL\" data-id=\"https:\/\/revistaeletronica.icmbio.gov.br\/cepsul\/article\/view\/1427\" target=\"_blank\">Percep\u00e7\u00e3o da avifauna de entremar\u00e9s por moradores e turistas locais da Ilha Do Mel, litoral do Paran\u00e1. Revista CEPSUL v. 11, 2022<\/a><\/p>\n\n\n\n<p><a rel=\"noreferrer noopener\" href=\"https:\/\/compartilhaufpr.ufpr.br\/wp-content\/uploads\/2021\/12\/11-percepcao-dos-professores-da-rede-publica-do-parana.pdf\" data-type=\"URL\" data-id=\"https:\/\/compartilhaufpr.ufpr.br\/wp-content\/uploads\/2021\/12\/11-percepcao-dos-professores-da-rede-publica-do-parana.pdf\" target=\"_blank\">Percep\u00e7\u00e3o dos professores da rede p\u00fablica do Paran\u00e1 sobre as aulas remotas durante a pandemia de Covid 19 Compartilha UFPR 2022<\/a><\/p>\n\n\n\n<p><a rel=\"noreferrer noopener\" href=\"https:\/\/ojs.datainscience.com.br\/index.php\/lads\/article\/download\/22\/13\/182\" data-type=\"URL\" data-id=\"https:\/\/ojs.datainscience.com.br\/index.php\/lads\/article\/download\/22\/13\/182\" target=\"_blank\">Banco de dados das aves amostradas no Parque Nacional Saint-Hilaire\/Lange e entorno em 2012 e 2013, Floresta Atl\u00e2ntica no Litoral do Paran\u00e1. Latin American Data in Science 2021<\/a> <\/p>\n\n\n\n<p><a rel=\"noreferrer noopener\" href=\"https:\/\/revistaeletronica.icmbio.gov.br\/cepsul\/article\/view\/884\/1263\" data-type=\"URL\" data-id=\"https:\/\/revistaeletronica.icmbio.gov.br\/cepsul\/article\/view\/884\/1263\" target=\"_blank\">Caracteriza\u00e7\u00e3o dos s\u00edtios reprodutivos da coruja-buraqueira (Athene cunicularia) em uma \u00e1rea de restinga de Pontal do Sul, litoral do Paran\u00e1 REVISTA CEPSUL: BIODIVERSIDADE E CONSERVA\u00c7\u00c3O MARINHA 2021<\/a><\/p>\n\n\n\n<p><a rel=\"noreferrer noopener\" href=\"https:\/\/revistas.ufrj.br\/index.php\/oa\/article\/download\/31586\/22844\" data-type=\"URL\" data-id=\"https:\/\/revistas.ufrj.br\/index.php\/oa\/article\/download\/31586\/22844\" target=\"_blank\">Compara\u00e7\u00e3o da efici\u00eancia de forrageio das gar\u00e7as Egretta caerulea e Egretta thula no estu\u00e1rio de Paranagu\u00e1, Paran\u00e1, Sul do Brasil Oecologia Australis 2021<\/a><\/p>\n\n\n\n<p><a rel=\"noreferrer noopener\" href=\"https:\/\/revistas.ufpr.br\/guaju\/article\/download\/78693\/45515\" data-type=\"URL\" data-id=\"https:\/\/revistas.ufpr.br\/guaju\/article\/download\/78693\/45515\" target=\"_blank\">Cuidados pessoais para se evitar o cont\u00e1gio por COVID-19: Os riscos nas cidades pequenas. GUAJU REVISTA BRASILEIRA DE DESENVOLVIMENTO TERRITORIAL SUSTENT\u00c1VEL 2021<\/a><\/p>\n\n\n\n<p><a rel=\"noreferrer noopener\" href=\"https:\/\/zslpublications.onlinelibrary.wiley.com\/doi\/epdf\/10.1111\/acv.12592\" data-type=\"URL\" data-id=\"https:\/\/zslpublications.onlinelibrary.wiley.com\/doi\/epdf\/10.1111\/acv.12592\" target=\"_blank\">Impacts of selective logging on avian phylogenetic and functional diversity in the Amazon. ANIMAL CONSERVATION 2020<\/a><\/p>\n\n\n\n<p><a rel=\"noreferrer noopener\" href=\"http:\/\/periodicos.pucminas.br\/index.php\/geografia\/article\/download\/19385\/16555\/\" data-type=\"URL\" data-id=\"http:\/\/periodicos.pucminas.br\/index.php\/geografia\/article\/download\/19385\/16555\/\" target=\"_blank\">Levantamento da cobertura de Floresta Atl\u00e2ntica no Paran\u00e1 por imagens Landsat: um exemplo aplicado ao munic\u00edpio de Matinhos entre 2015 e 2017. CADERNO DE GEOGRAFIA (PUCMG. IMPRESSO) 2020<\/a><\/p>\n\n\n\n<p><a rel=\"noreferrer noopener\" href=\"https:\/\/drive.google.com\/file\/d\/1anu_s5Ko72g6VpHDAx85rtRWX6a1N2Zp\/view?usp=sharing\" data-type=\"URL\" data-id=\"https:\/\/drive.google.com\/file\/d\/1anu_s5Ko72g6VpHDAx85rtRWX6a1N2Zp\/view?usp=sharing\" target=\"_blank\">Ave<\/a><a rel=\"noreferrer noopener\" href=\"https:\/\/lh3.google.com\/u\/0\/d\/1anu_s5Ko72g6VpHDAx85rtRWX6a1N2Zp=w250-h188-p-k-nu-iv1\" data-type=\"URL\" data-id=\"https:\/\/lh3.google.com\/u\/0\/d\/1anu_s5Ko72g6VpHDAx85rtRWX6a1N2Zp=w250-h188-p-k-nu-iv1\" target=\"_blank\">s do Parque Municipal do Tabuleiro, Matinhos, Paran\u00e1 ATUALIDADES ORNITOL\u00d3GICAS (ONLINE) 2019<\/a><\/p>\n\n\n\n<p><a rel=\"noreferrer noopener\" href=\"https:\/\/www.revistaea.org\/artigo.php?idartigo=3863\" data-type=\"URL\" data-id=\"https:\/\/www.revistaea.org\/artigo.php?idartigo=3863\" target=\"_blank\">Observa\u00e7\u00e3o de aves como ferramenta para Educa\u00e7\u00e3o Ambiental: uma experi\u00eancia na praia de Bras\u00edlia, Ilha do Mel, Brasil. EDUCA\u00c7\u00c3O AMBIENTAL EM A\u00c7\u00c3O 2019<\/a><\/p>\n\n\n\n<p><a rel=\"noreferrer noopener\" href=\"https:\/\/bioone.org\/journalArticle\/Download?urlId=10.25226%2Fbboc.v137i3.2017.a3\" data-type=\"URL\" data-id=\"https:\/\/bioone.org\/journalArticle\/Download?urlId=10.25226%2Fbboc.v137i3.2017.a3\" target=\"_blank\">Noteworthy seabird records from Paran\u00e1 state, southern Brazil BULLETIN OF THE BRITISH ORNITHOLOGISTS&#8217; CLUB 2017<\/a><\/p>\n\n\n\n<p><a rel=\"noreferrer noopener\" href=\"https:\/\/www.revistaea.org\/img\/papagaio59.pdf\" data-type=\"URL\" data-id=\"https:\/\/www.revistaea.org\/img\/papagaio59.pdf\" target=\"_blank\">Papagaios como ferramentas para a Educa\u00e7\u00e3o Ambiental EDUCA\u00c7\u00c3O AMBIENTAL EM A\u00c7\u00c3O 2017<\/a><\/p>\n\n\n\n<p><a rel=\"noreferrer noopener\" href=\"https:\/\/journals.sfu.ca\/ornneo\/index.php\/ornneo\/article\/view\/123\/44\" data-type=\"URL\" data-id=\"https:\/\/journals.sfu.ca\/ornneo\/index.php\/ornneo\/article\/view\/123\/44\" target=\"_blank\">Habitat associations of Land Birds in Fernando de Noronha, Brazil ORNITOLOGIA NEOTROPICAL Peri\u00f3dico: ORNITOLOGIA NEOTROPICAL 2016<\/a><\/p>\n\n\n\n<p><a rel=\"noreferrer noopener\" href=\"https:\/\/onlinelibrary.wiley.com\/doi\/epdf\/10.1111\/btp.12267\" data-type=\"URL\" data-id=\"https:\/\/onlinelibrary.wiley.com\/doi\/epdf\/10.1111\/btp.12267\" target=\"_blank\">A Multi-Taxa Assessment of Biodiversity Change After Single and Recurrent Wildfires in a Brazilian Amazon Forest  BIOTROPICA 2015<\/a><\/p>\n\n\n\n<p><\/p>\n\n\n\n<p class=\"has-medium-font-size\"><strong>SITE LABORNITO UFPR LITORAL<\/strong> anterior:<\/p>\n\n\n\n<p><a rel=\"noreferrer noopener\" href=\"https:\/\/labornitologia.wordpress.com\/\" target=\"_blank\">https:\/\/labornitologia.wordpress.com<\/a>\/<\/p>\n\n\n\n<p>Sistema de Informa\u00e7\u00f5es Geogr\u00e1ficas<\/p>\n\n\n\n<p class=\"has-medium-font-size\"><a rel=\"noreferrer noopener\" href=\"https:\/\/sites.google.com\/view\/sig-ca-ufpr-litoral\/sig\" target=\"_blank\">https:\/\/sites.google.com\/view\/sig-ca-ufpr-litoral\/sig<\/a><\/p>\n\n\n\n<p>SINECOLOGIA &#8211; Ecologia de Comunidades<\/p>\n\n\n\n<pre class=\"wp-block-code has-medium-font-size\"><code><a href=\"https:\/\/sites.google.com\/view\/sinecologia\/in%C3%ADcio\" target=\"_blank\" rel=\"noreferrer noopener\">https:\/\/sites.google.com\/view\/sinecologia\/in%C3%ADcio<\/a><\/code><\/pre>\n\n\n\n<p>ZOO-ICH Zoologia geral<\/p>\n\n\n\n<p><a href=\"https:\/\/sites.google.com\/view\/zoologia-ufpr-litoral\/zoologia-ufpr-litoral\">https:\/\/sites.google.com\/view\/zoologia-ufpr-litoral\/zoologia-ufpr-litoral<\/a><\/p>\n\n\n\n<p>Optativa Ornitologia<\/p>\n\n\n\n<p><a href=\"https:\/\/wordpress.com\/page\/ornitologiaufpr.wordpress.com\/6\">https:\/\/wordpress.com\/page\/ornitologiaufpr.wordpress.com\/6<\/a><\/p>\n","protected":false},"excerpt":{"rendered":"<p>Laborat\u00f3rio de Ornitologia &#8211; UFPR Litoral O Laborat\u00f3rio de Ornitologia visa promover a\u00e7\u00f5es de pesquisa, conserva\u00e7\u00e3o e educa\u00e7\u00e3o sobre aves no Litoral do Estado do Paran\u00e1, contribuindo para a conserva\u00e7\u00e3o das aves, conserva\u00e7\u00e3o da natureza e gera\u00e7\u00e3o de conhecimento de relev\u00e2ncia local e regional. O Laborat\u00f3rio de Ornitologia da UFPR Litoral teve suas atividades iniciadas [&hellip;]<\/p>\n","protected":false},"author":12,"featured_media":2645,"parent":0,"menu_order":0,"comment_status":"closed","ping_status":"closed","template":"","meta":{"_acf_changed":false,"footnotes":""},"class_list":["post-2109","page","type-page","status-publish","has-post-thumbnail","hentry"],"acf":[],"_links":{"self":[{"href":"https:\/\/litoral.ufpr.br\/ambientais\/wp-json\/wp\/v2\/pages\/2109","targetHints":{"allow":["GET"]}}],"collection":[{"href":"https:\/\/litoral.ufpr.br\/ambientais\/wp-json\/wp\/v2\/pages"}],"about":[{"href":"https:\/\/litoral.ufpr.br\/ambientais\/wp-json\/wp\/v2\/types\/page"}],"author":[{"embeddable":true,"href":"https:\/\/litoral.ufpr.br\/ambientais\/wp-json\/wp\/v2\/users\/12"}],"replies":[{"embeddable":true,"href":"https:\/\/litoral.ufpr.br\/ambientais\/wp-json\/wp\/v2\/comments?post=2109"}],"version-history":[{"count":77,"href":"https:\/\/litoral.ufpr.br\/ambientais\/wp-json\/wp\/v2\/pages\/2109\/revisions"}],"predecessor-version":[{"id":3350,"href":"https:\/\/litoral.ufpr.br\/ambientais\/wp-json\/wp\/v2\/pages\/2109\/revisions\/3350"}],"wp:featuredmedia":[{"embeddable":true,"href":"https:\/\/litoral.ufpr.br\/ambientais\/wp-json\/wp\/v2\/media\/2645"}],"wp:attachment":[{"href":"https:\/\/litoral.ufpr.br\/ambientais\/wp-json\/wp\/v2\/media?parent=2109"}],"curies":[{"name":"wp","href":"https:\/\/api.w.org\/{rel}","templated":true}]}}